{"id":30152,"date":"2022-12-06T10:11:06","date_gmt":"2022-12-06T09:11:06","guid":{"rendered":"https:\/\/tax-services.ch\/?page_id=30152"},"modified":"2025-02-18T08:27:13","modified_gmt":"2025-02-18T07:27:13","slug":"declaration-impots-pour-expatries","status":"publish","type":"page","link":"https:\/\/www.tax-services.ch\/fr\/declaration-impots-pour-expatries\/","title":{"rendered":"D\u00e9claration imp\u00f4ts pour expatri\u00e9s"},"content":{"rendered":"\t\t<div data-elementor-type=\"wp-page\" data-elementor-id=\"30152\" class=\"elementor elementor-30152\" data-elementor-post-type=\"page\">\n\t\t\t\t\t\t<section class=\"elementor-section elementor-top-section elementor-element elementor-element-295db37 elementor-section-full_width elementor-section-height-min-height elementor-section-items-stretch elementor-section-content-middle elementor-section-height-default\" data-id=\"295db37\" data-element_type=\"section\" data-e-type=\"section\">\n\t\t\t\t\t\t\t<div class=\"elementor-background-overlay\"><\/div>\n\t\t\t\t\t\t\t<div class=\"elementor-container elementor-column-gap-no\">\n\t\t\t\t\t<div class=\"elementor-column elementor-col-100 elementor-top-column elementor-element elementor-element-cd30668\" data-id=\"cd30668\" data-element_type=\"column\" data-e-type=\"column\">\n\t\t\t<div class=\"elementor-widget-wrap elementor-element-populated\">\n\t\t\t\t\t\t<section class=\"elementor-section elementor-inner-section elementor-element elementor-element-649dc5d elementor-section-height-min-height elementor-section-boxed elementor-section-height-default\" data-id=\"649dc5d\" data-element_type=\"section\" data-e-type=\"section\">\n\t\t\t\t\t\t<div class=\"elementor-container elementor-column-gap-default\">\n\t\t\t\t\t<div class=\"elementor-column elementor-col-50 elementor-inner-column elementor-element elementor-element-d069b84\" data-id=\"d069b84\" data-element_type=\"column\" data-e-type=\"column\">\n\t\t\t<div class=\"elementor-widget-wrap elementor-element-populated\">\n\t\t\t\t\t\t<div class=\"elementor-element elementor-element-5faf69b elementor-widget elementor-widget-breadcrumbs\" data-id=\"5faf69b\" data-element_type=\"widget\" data-e-type=\"widget\" data-widget_type=\"breadcrumbs.default\">\n\t\t\t\t<div class=\"elementor-widget-container\">\n\t\t\t\t\t<nav aria-label=\"breadcrumbs\" class=\"rank-math-breadcrumb\"><p><span class=\"last\">Accueil<\/span><\/p><\/nav>\t\t\t\t<\/div>\n\t\t\t\t<\/div>\n\t\t\t\t<div class=\"elementor-element elementor-element-af9a459 elementor-invisible elementor-widget elementor-widget-heading\" data-id=\"af9a459\" data-element_type=\"widget\" data-e-type=\"widget\" data-settings=\"{&quot;_animation&quot;:&quot;fadeIn&quot;,&quot;_animation_mobile&quot;:&quot;none&quot;}\" data-widget_type=\"heading.default\">\n\t\t\t\t<div class=\"elementor-widget-container\">\n\t\t\t\t\t<h1 class=\"elementor-heading-title elementor-size-default\">D\u00e9claration d'imp\u00f4ts pour <span class=\"blue\">expatri\u00e9s<\/span><\/h1>\t\t\t\t<\/div>\n\t\t\t\t<\/div>\n\t\t\t\t<div class=\"elementor-element elementor-element-18f204c elementor-widget elementor-widget-text-editor\" data-id=\"18f204c\" data-element_type=\"widget\" data-e-type=\"widget\" data-widget_type=\"text-editor.default\">\n\t\t\t\t<div class=\"elementor-widget-container\">\n\t\t\t\t\t\t\t\t\tVous \u00eates un expatri\u00e9 recemment arriv\u00e9 \u00e0 Gen\u00e8ve (ou pas) et vous avez besoin d&rsquo;aide avec votre d\u00e9claration d&rsquo;imp\u00f4ts ? Notre \u00e9quipe s&rsquo;en occupe et v\u00e9rifie les <strong>d\u00e9ductions<\/strong> auxquelles vous avez droit.\t\t\t\t\t\t\t\t<\/div>\n\t\t\t\t<\/div>\n\t\t\t\t<div class=\"elementor-element elementor-element-999e4f4 elementor-align-left elementor-mobile-align-justify elementor-widget__width-initial elementor-widget-mobile__width-initial elementor-invisible elementor-widget elementor-widget-global elementor-global-32308 elementor-widget-button\" data-id=\"999e4f4\" data-element_type=\"widget\" data-e-type=\"widget\" data-settings=\"{&quot;_animation&quot;:&quot;fadeIn&quot;,&quot;_animation_mobile&quot;:&quot;none&quot;,&quot;_animation_delay&quot;:&quot;200&quot;}\" data-widget_type=\"button.default\">\n\t\t\t\t<div class=\"elementor-widget-container\">\n\t\t\t\t\t\t\t\t\t<div class=\"elementor-button-wrapper\">\n\t\t\t\t\t<a class=\"elementor-button elementor-button-link elementor-size-sm\" href=\"https:\/\/app.tax-services.ch\/survey\">\n\t\t\t\t\t\t<span class=\"elementor-button-content-wrapper\">\n\t\t\t\t\t\t<span class=\"elementor-button-icon\">\n\t\t\t\t<i aria-hidden=\"true\" class=\"fas fa-arrow-right\"><\/i>\t\t\t<\/span>\n\t\t\t\t\t\t\t\t\t<span class=\"elementor-button-text\">Je me lance<\/span>\n\t\t\t\t\t<\/span>\n\t\t\t\t\t<\/a>\n\t\t\t\t<\/div>\n\t\t\t\t\t\t\t\t<\/div>\n\t\t\t\t<\/div>\n\t\t\t\t<div class=\"elementor-element elementor-element-5cb7f1a elementor-mobile-align-justify elementor-widget__width-initial elementor-widget-mobile__width-initial elementor-invisible elementor-widget elementor-widget-button\" data-id=\"5cb7f1a\" data-element_type=\"widget\" data-e-type=\"widget\" data-settings=\"{&quot;_animation&quot;:&quot;fadeIn&quot;,&quot;_animation_mobile&quot;:&quot;none&quot;,&quot;_animation_delay&quot;:&quot;200&quot;}\" data-widget_type=\"button.default\">\n\t\t\t\t<div class=\"elementor-widget-container\">\n\t\t\t\t\t\t\t\t\t<div class=\"elementor-button-wrapper\">\n\t\t\t\t\t<a class=\"elementor-button elementor-button-link elementor-size-sm\" href=\"#elementor-action%3Aaction%3Dpopup%3Aopen%26settings%3DeyJpZCI6IjMyNDEzIiwidG9nZ2xlIjpmYWxzZX0%3D\">\n\t\t\t\t\t\t<span class=\"elementor-button-content-wrapper\">\n\t\t\t\t\t\t\t\t\t<span class=\"elementor-button-text\">Prendre rendez-vous<\/span>\n\t\t\t\t\t<\/span>\n\t\t\t\t\t<\/a>\n\t\t\t\t<\/div>\n\t\t\t\t\t\t\t\t<\/div>\n\t\t\t\t<\/div>\n\t\t\t\t<div class=\"elementor-element elementor-element-59acb1b elementor-widget elementor-widget-image\" data-id=\"59acb1b\" data-element_type=\"widget\" data-e-type=\"widget\" data-widget_type=\"image.default\">\n\t\t\t\t<div class=\"elementor-widget-container\">\n\t\t\t\t\t\t\t\t\t\t\t\t\t\t\t<img fetchpriority=\"high\" fetchpriority=\"high\" decoding=\"async\" width=\"625\" height=\"125\" src=\"https:\/\/www.tax-services.ch\/wp-content\/uploads\/2023\/04\/Google-Reviews-for-Tax-Services.png\" class=\"attachment-large size-large wp-image-31298\" alt=\"Google Reviews for Tax Services\" srcset=\"https:\/\/www.tax-services.ch\/wp-content\/uploads\/2023\/04\/Google-Reviews-for-Tax-Services.png 625w, https:\/\/www.tax-services.ch\/wp-content\/uploads\/2023\/04\/Google-Reviews-for-Tax-Services-300x60.png 300w, https:\/\/www.tax-services.ch\/wp-content\/uploads\/2023\/04\/Google-Reviews-for-Tax-Services-18x4.png 18w\" sizes=\"(max-width: 625px) 100vw, 625px\" \/>\t\t\t\t\t\t\t\t\t\t\t\t\t\t\t<\/div>\n\t\t\t\t<\/div>\n\t\t\t\t\t<\/div>\n\t\t<\/div>\n\t\t\t\t<div class=\"elementor-column elementor-col-50 elementor-inner-column elementor-element elementor-element-af3d804 elementor-hidden-desktop\" data-id=\"af3d804\" data-element_type=\"column\" data-e-type=\"column\">\n\t\t\t<div class=\"elementor-widget-wrap\">\n\t\t\t\t\t\t\t<\/div>\n\t\t<\/div>\n\t\t\t\t\t<\/div>\n\t\t<\/section>\n\t\t\t\t\t<\/div>\n\t\t<\/div>\n\t\t\t\t\t<\/div>\n\t\t<\/section>\n\t\t\t\t<section class=\"elementor-section elementor-top-section elementor-element elementor-element-2ee151dd elementor-reverse-mobile elementor-section-height-min-height elementor-section-boxed elementor-section-height-default elementor-section-items-middle\" data-id=\"2ee151dd\" data-element_type=\"section\" data-e-type=\"section\" data-settings=\"{&quot;background_background&quot;:&quot;classic&quot;}\">\n\t\t\t\t\t\t\t<div class=\"elementor-background-overlay\"><\/div>\n\t\t\t\t\t\t\t<div class=\"elementor-container elementor-column-gap-no\">\n\t\t\t\t\t<div class=\"elementor-column elementor-col-50 elementor-top-column elementor-element elementor-element-32a28bf8\" data-id=\"32a28bf8\" data-element_type=\"column\" data-e-type=\"column\">\n\t\t\t<div class=\"elementor-widget-wrap elementor-element-populated\">\n\t\t\t\t\t\t<div class=\"elementor-element elementor-element-68cf1ad5 elementor-widget__width-inherit elementor-widget elementor-widget-image\" data-id=\"68cf1ad5\" data-element_type=\"widget\" data-e-type=\"widget\" data-widget_type=\"image.default\">\n\t\t\t\t<div class=\"elementor-widget-container\">\n\t\t\t\t\t\t\t\t\t\t\t\t\t\t\t<img decoding=\"async\" width=\"1024\" height=\"724\" src=\"https:\/\/www.tax-services.ch\/wp-content\/uploads\/2023\/02\/8-1024x724.png\" class=\"attachment-large size-large wp-image-31043\" alt=\"D\u00e9claration d&#039;imp\u00f4ts pour expatri\u00e9s Gen\u00e8ve\" srcset=\"https:\/\/www.tax-services.ch\/wp-content\/uploads\/2023\/02\/8-1024x724.png 1024w, https:\/\/www.tax-services.ch\/wp-content\/uploads\/2023\/02\/8-300x212.png 300w, https:\/\/www.tax-services.ch\/wp-content\/uploads\/2023\/02\/8-768x543.png 768w, https:\/\/www.tax-services.ch\/wp-content\/uploads\/2023\/02\/8-1536x1086.png 1536w, https:\/\/www.tax-services.ch\/wp-content\/uploads\/2023\/02\/8-18x12.png 18w, https:\/\/www.tax-services.ch\/wp-content\/uploads\/2023\/02\/8.png 2000w\" sizes=\"(max-width: 1024px) 100vw, 1024px\" \/>\t\t\t\t\t\t\t\t\t\t\t\t\t\t\t<\/div>\n\t\t\t\t<\/div>\n\t\t\t\t\t<\/div>\n\t\t<\/div>\n\t\t\t\t<div class=\"elementor-column elementor-col-50 elementor-top-column elementor-element elementor-element-4e982fa6\" data-id=\"4e982fa6\" data-element_type=\"column\" data-e-type=\"column\">\n\t\t\t<div class=\"elementor-widget-wrap elementor-element-populated\">\n\t\t\t\t\t\t<div class=\"elementor-element elementor-element-7bd480c8 elementor-invisible elementor-widget elementor-widget-heading\" data-id=\"7bd480c8\" data-element_type=\"widget\" data-e-type=\"widget\" data-settings=\"{&quot;_animation&quot;:&quot;fadeIn&quot;,&quot;_animation_mobile&quot;:&quot;none&quot;}\" data-widget_type=\"heading.default\">\n\t\t\t\t<div class=\"elementor-widget-container\">\n\t\t\t\t\t<h2 class=\"elementor-heading-title elementor-size-default\">D\u00e9claration d'imp\u00f4ts pour expatri\u00e9s <span class=\"blue\">\u00e0 Gen\u00e8ve<\/span><\/h2>\t\t\t\t<\/div>\n\t\t\t\t<\/div>\n\t\t\t\t<div class=\"elementor-element elementor-element-663962c3 elementor-widget elementor-widget-text-editor\" data-id=\"663962c3\" data-element_type=\"widget\" data-e-type=\"widget\" data-widget_type=\"text-editor.default\">\n\t\t\t\t<div class=\"elementor-widget-container\">\n\t\t\t\t\t\t\t\t\t<p>Quand on vient d&rsquo;arriver \u00e0 Gen\u00e8ve (ou m\u00eame quand \u00e7a fait un moment qu&rsquo;on est install\u00e9), faire sa d\u00e9claration seul peut \u00eatre intimidant. En effet, si vous ne connaissez pas les r\u00e8gles en vigueurs, ni ce que vous pouvez d\u00e9duire de vos imp\u00f4ts, vous pouvez passer \u00e0 c\u00f4t\u00e9 de beaucoup de choses. La fiscalit\u00e9 suisse est particuli\u00e8re, et pour cela il vaut mieux \u00eatre accompagn\u00e9(e) du d\u00e9but \u00e0 la fin.<\/p>\t\t\t\t\t\t\t\t<\/div>\n\t\t\t\t<\/div>\n\t\t\t\t<div class=\"elementor-element elementor-element-20083a7 elementor-widget elementor-widget-heading\" data-id=\"20083a7\" data-element_type=\"widget\" data-e-type=\"widget\" data-widget_type=\"heading.default\">\n\t\t\t\t<div class=\"elementor-widget-container\">\n\t\t\t\t\t<h3 class=\"elementor-heading-title elementor-size-default\">Confiez votre d\u00e9claration d'imp\u00f4ts \u00e0 nos sp\u00e9cialistes fiscaux<\/h3>\t\t\t\t<\/div>\n\t\t\t\t<\/div>\n\t\t\t\t<div class=\"elementor-element elementor-element-5aa943ea elementor-widget elementor-widget-text-editor\" data-id=\"5aa943ea\" data-element_type=\"widget\" data-e-type=\"widget\" data-widget_type=\"text-editor.default\">\n\t\t\t\t<div class=\"elementor-widget-container\">\n\t\t\t\t\t\t\t\t\t<p>Tax Services simplifie la vie des expatri\u00e9s en proposant un service rapide et transparent, leur permettant de se lib\u00e9rer de tous les tracas administratifs. Votre fiscaliste vous guidera et v\u00e9rifiera toutes les d\u00e9ductions auxquelles vous avez droit, afin d&rsquo;optimiser votre situation au maximum.<\/p>\t\t\t\t\t\t\t\t<\/div>\n\t\t\t\t<\/div>\n\t\t\t\t\t<\/div>\n\t\t<\/div>\n\t\t\t\t\t<\/div>\n\t\t<\/section>\n\t\t\t\t<section class=\"elementor-section elementor-top-section elementor-element elementor-element-b3a0217 elementor-section-items-top elementor-section-height-min-height elementor-section-boxed elementor-section-height-default\" data-id=\"b3a0217\" data-element_type=\"section\" data-e-type=\"section\" data-settings=\"{&quot;background_background&quot;:&quot;classic&quot;}\">\n\t\t\t\t\t\t<div class=\"elementor-container elementor-column-gap-no\">\n\t\t\t\t\t<div class=\"elementor-column elementor-col-100 elementor-top-column elementor-element elementor-element-c5d5911\" data-id=\"c5d5911\" data-element_type=\"column\" data-e-type=\"column\">\n\t\t\t<div class=\"elementor-widget-wrap elementor-element-populated\">\n\t\t\t\t\t\t<div class=\"elementor-element elementor-element-d116dfa elementor-widget elementor-widget-heading\" data-id=\"d116dfa\" data-element_type=\"widget\" data-e-type=\"widget\" data-widget_type=\"heading.default\">\n\t\t\t\t<div class=\"elementor-widget-container\">\n\t\t\t\t\t<p class=\"elementor-heading-title elementor-size-default\">D\u00e9clarez facilement en ligne<\/p>\t\t\t\t<\/div>\n\t\t\t\t<\/div>\n\t\t\t\t<div class=\"elementor-element elementor-element-9d95901 elementor-invisible elementor-widget elementor-widget-heading\" data-id=\"9d95901\" data-element_type=\"widget\" data-e-type=\"widget\" data-settings=\"{&quot;_animation&quot;:&quot;fadeIn&quot;,&quot;_animation_mobile&quot;:&quot;none&quot;}\" data-widget_type=\"heading.default\">\n\t\t\t\t<div class=\"elementor-widget-container\">\n\t\t\t\t\t<h3 class=\"elementor-heading-title elementor-size-default\">Pourquoi TaxFlow ?<\/h3>\t\t\t\t<\/div>\n\t\t\t\t<\/div>\n\t\t\t\t<section class=\"elementor-section elementor-inner-section elementor-element elementor-element-7a208a7 elementor-section-full_width elementor-section-height-default elementor-section-height-default\" data-id=\"7a208a7\" data-element_type=\"section\" data-e-type=\"section\">\n\t\t\t\t\t\t<div class=\"elementor-container elementor-column-gap-default\">\n\t\t\t\t\t<div class=\"elementor-column elementor-col-33 elementor-inner-column elementor-element elementor-element-d723a7f\" data-id=\"d723a7f\" data-element_type=\"column\" data-e-type=\"column\" data-settings=\"{&quot;background_background&quot;:&quot;classic&quot;}\">\n\t\t\t<div class=\"elementor-widget-wrap elementor-element-populated\">\n\t\t\t\t\t\t<div class=\"elementor-element elementor-element-b325684 elementor-position-top elementor-widget elementor-widget-image-box\" data-id=\"b325684\" data-element_type=\"widget\" data-e-type=\"widget\" data-widget_type=\"image-box.default\">\n\t\t\t\t<div class=\"elementor-widget-container\">\n\t\t\t\t\t<div class=\"elementor-image-box-wrapper\"><figure class=\"elementor-image-box-img\"><a href=\"https:\/\/tax-services.ch\/declaration-impots-geneve\/\" tabindex=\"-1\"><img decoding=\"async\" width=\"300\" height=\"300\" src=\"https:\/\/www.tax-services.ch\/wp-content\/uploads\/2024\/07\/2-300x300.png\" class=\"attachment-medium size-medium wp-image-32900\" alt=\"Demande de d\u00e9lai\" srcset=\"https:\/\/www.tax-services.ch\/wp-content\/uploads\/2024\/07\/2-300x300.png 300w, https:\/\/www.tax-services.ch\/wp-content\/uploads\/2024\/07\/2-150x150.png 150w, https:\/\/www.tax-services.ch\/wp-content\/uploads\/2024\/07\/2-12x12.png 12w, https:\/\/www.tax-services.ch\/wp-content\/uploads\/2024\/07\/2.png 540w\" sizes=\"(max-width: 300px) 100vw, 300px\" \/><\/a><\/figure><div class=\"elementor-image-box-content\"><p class=\"elementor-image-box-title\"><a href=\"https:\/\/tax-services.ch\/declaration-impots-geneve\/\">Demande de d\u00e9lai<\/a><\/p><p class=\"elementor-image-box-description\">Pour \u00e9viter les p\u00e9nalit\u00e9s ou les rappels, nous  demandons pour vous, un d\u00e9lai aupr\u00e8s de l'Administration Fiscale.<\/p><\/div><\/div>\t\t\t\t<\/div>\n\t\t\t\t<\/div>\n\t\t\t\t\t<\/div>\n\t\t<\/div>\n\t\t\t\t<div class=\"elementor-column elementor-col-33 elementor-inner-column elementor-element elementor-element-d9c6a3d\" data-id=\"d9c6a3d\" data-element_type=\"column\" data-e-type=\"column\" data-settings=\"{&quot;background_background&quot;:&quot;classic&quot;}\">\n\t\t\t<div class=\"elementor-widget-wrap elementor-element-populated\">\n\t\t\t\t\t\t<div class=\"elementor-element elementor-element-844fe48 elementor-position-top elementor-widget elementor-widget-image-box\" data-id=\"844fe48\" data-element_type=\"widget\" data-e-type=\"widget\" data-widget_type=\"image-box.default\">\n\t\t\t\t<div class=\"elementor-widget-container\">\n\t\t\t\t\t<div class=\"elementor-image-box-wrapper\"><figure class=\"elementor-image-box-img\"><a href=\"https:\/\/tax-services.ch\/declaration-impots-geneve\/\" tabindex=\"-1\"><img loading=\"lazy\" loading=\"lazy\" decoding=\"async\" width=\"300\" height=\"300\" src=\"https:\/\/www.tax-services.ch\/wp-content\/uploads\/2024\/07\/3-300x300.png\" class=\"attachment-medium size-medium wp-image-32901\" alt=\"D\u00e9claration en ligne\" srcset=\"https:\/\/www.tax-services.ch\/wp-content\/uploads\/2024\/07\/3-300x300.png 300w, https:\/\/www.tax-services.ch\/wp-content\/uploads\/2024\/07\/3-150x150.png 150w, https:\/\/www.tax-services.ch\/wp-content\/uploads\/2024\/07\/3-12x12.png 12w, https:\/\/www.tax-services.ch\/wp-content\/uploads\/2024\/07\/3.png 540w\" sizes=\"(max-width: 300px) 100vw, 300px\" \/><\/a><\/figure><div class=\"elementor-image-box-content\"><p class=\"elementor-image-box-title\"><a href=\"https:\/\/tax-services.ch\/declaration-impots-geneve\/\">D\u00e9claration en ligne<\/a><\/p><p class=\"elementor-image-box-description\">Pas besoin de vous d\u00e9placer, notre cabinet fiscal s'occupe de tout vos tracas administratifs, \u00e0 distance.<\/p><\/div><\/div>\t\t\t\t<\/div>\n\t\t\t\t<\/div>\n\t\t\t\t\t<\/div>\n\t\t<\/div>\n\t\t\t\t<div class=\"elementor-column elementor-col-33 elementor-inner-column elementor-element elementor-element-d57b48e\" data-id=\"d57b48e\" data-element_type=\"column\" data-e-type=\"column\" data-settings=\"{&quot;background_background&quot;:&quot;classic&quot;}\">\n\t\t\t<div class=\"elementor-widget-wrap elementor-element-populated\">\n\t\t\t\t\t\t<div class=\"elementor-element elementor-element-8dc6732 elementor-position-top elementor-widget elementor-widget-image-box\" data-id=\"8dc6732\" data-element_type=\"widget\" data-e-type=\"widget\" data-widget_type=\"image-box.default\">\n\t\t\t\t<div class=\"elementor-widget-container\">\n\t\t\t\t\t<div class=\"elementor-image-box-wrapper\"><figure class=\"elementor-image-box-img\"><a href=\"https:\/\/tax-services.ch\/rectification-impot-a-la-source\/\" tabindex=\"-1\"><img loading=\"lazy\" loading=\"lazy\" decoding=\"async\" width=\"300\" height=\"300\" src=\"https:\/\/www.tax-services.ch\/wp-content\/uploads\/2024\/07\/4-300x300.png\" class=\"attachment-medium size-medium wp-image-32902\" alt=\"Optimisation fiscale\" srcset=\"https:\/\/www.tax-services.ch\/wp-content\/uploads\/2024\/07\/4-300x300.png 300w, https:\/\/www.tax-services.ch\/wp-content\/uploads\/2024\/07\/4-150x150.png 150w, https:\/\/www.tax-services.ch\/wp-content\/uploads\/2024\/07\/4-12x12.png 12w, https:\/\/www.tax-services.ch\/wp-content\/uploads\/2024\/07\/4.png 540w\" sizes=\"(max-width: 300px) 100vw, 300px\" \/><\/a><\/figure><div class=\"elementor-image-box-content\"><p class=\"elementor-image-box-title\"><a href=\"https:\/\/tax-services.ch\/rectification-impot-a-la-source\/\">Optimisation fiscale<\/a><\/p><p class=\"elementor-image-box-description\">Nous v\u00e9rifions et contr\u00f4lons toutes les d\u00e9ductions auxquelles vous avez droit afin d'optimiser votre situation.<\/p><\/div><\/div>\t\t\t\t<\/div>\n\t\t\t\t<\/div>\n\t\t\t\t\t<\/div>\n\t\t<\/div>\n\t\t\t\t\t<\/div>\n\t\t<\/section>\n\t\t\t\t\t<\/div>\n\t\t<\/div>\n\t\t\t\t\t<\/div>\n\t\t<\/section>\n\t\t\t\t<section class=\"elementor-section elementor-top-section elementor-element elementor-element-345c321b elementor-section-height-min-height elementor-reverse-mobile elementor-section-boxed elementor-section-height-default elementor-section-items-middle\" data-id=\"345c321b\" data-element_type=\"section\" data-e-type=\"section\">\n\t\t\t\t\t\t<div class=\"elementor-container elementor-column-gap-no\">\n\t\t\t\t\t<div class=\"elementor-column elementor-col-100 elementor-top-column elementor-element elementor-element-1f0aa04d\" data-id=\"1f0aa04d\" data-element_type=\"column\" data-e-type=\"column\">\n\t\t\t<div class=\"elementor-widget-wrap elementor-element-populated\">\n\t\t\t\t\t\t<div class=\"elementor-element elementor-element-20c221f elementor-invisible elementor-widget elementor-widget-heading\" data-id=\"20c221f\" data-element_type=\"widget\" data-e-type=\"widget\" data-settings=\"{&quot;_animation&quot;:&quot;fadeIn&quot;,&quot;_animation_mobile&quot;:&quot;none&quot;}\" data-widget_type=\"heading.default\">\n\t\t\t\t<div class=\"elementor-widget-container\">\n\t\t\t\t\t<h2 class=\"elementor-heading-title elementor-size-default\">FAQ - D\u00e9claration d'imp\u00f4ts \u00e0 Gen\u00e8ve<\/h2>\t\t\t\t<\/div>\n\t\t\t\t<\/div>\n\t\t\t\t<section class=\"elementor-section elementor-inner-section elementor-element elementor-element-45b592ef elementor-section-full_width elementor-section-height-default elementor-section-height-default\" data-id=\"45b592ef\" data-element_type=\"section\" data-e-type=\"section\">\n\t\t\t\t\t\t<div class=\"elementor-container elementor-column-gap-no\">\n\t\t\t\t\t<div class=\"elementor-column elementor-col-100 elementor-inner-column elementor-element elementor-element-73f8051e\" data-id=\"73f8051e\" data-element_type=\"column\" data-e-type=\"column\">\n\t\t\t<div class=\"elementor-widget-wrap elementor-element-populated\">\n\t\t\t\t\t\t<div class=\"elementor-element elementor-element-55e4ffa1 elementor-widget elementor-widget-toggle\" data-id=\"55e4ffa1\" data-element_type=\"widget\" data-e-type=\"widget\" data-widget_type=\"toggle.default\">\n\t\t\t\t<div class=\"elementor-widget-container\">\n\t\t\t\t\t\t\t<div class=\"elementor-toggle\">\n\t\t\t\t\t\t\t<div class=\"elementor-toggle-item\">\n\t\t\t\t\t<h4 id=\"elementor-tab-title-1441\" class=\"elementor-tab-title\" data-tab=\"1\" role=\"button\" aria-controls=\"elementor-tab-content-1441\" aria-expanded=\"false\">\n\t\t\t\t\t\t\t\t\t\t\t\t<span class=\"elementor-toggle-icon elementor-toggle-icon-right\" aria-hidden=\"true\">\n\t\t\t\t\t\t\t\t\t\t\t\t\t\t\t<span class=\"elementor-toggle-icon-closed\"><svg xmlns=\"http:\/\/www.w3.org\/2000\/svg\" id=\"a1e64e0c-4c41-4fca-8542-7a49c6092caa\" data-name=\"Layer 1\" width=\"16.9661\" height=\"16.9661\" viewBox=\"0 0 16.9661 16.9661\"><defs><style>.aed1427e-e5ff-4359-b373-334313c48315{fill:#1c2448;}<\/style><\/defs><path class=\"aed1427e-e5ff-4359-b373-334313c48315\" d=\"M8.8969,16.966V8.9071h8.0692V8.1012H8.8969V0H8.0693V8.1012H0v.8059H8.0693V16.966Z\" transform=\"translate(0 0.0001)\"><\/path><\/svg><\/span>\n\t\t\t\t\t\t\t\t<span class=\"elementor-toggle-icon-opened\"><svg xmlns=\"http:\/\/www.w3.org\/2000\/svg\" id=\"ef88faed-b140-41a0-9417-c1651f3bd4fc\" data-name=\"Layer 1\" width=\"13.785\" height=\"1.0074\" viewBox=\"0 0 13.785 1.0074\"><defs><style>.e3c7dd86-9752-467e-8574-885a4e9461bb{fill:#1c2448;}<\/style><\/defs><path class=\"e3c7dd86-9752-467e-8574-885a4e9461bb\" d=\"M13.785,1.0338V.0265H0V1.0338Z\" transform=\"translate(0 -0.0265)\"><\/path><\/svg><\/span>\n\t\t\t\t\t\t\t\t\t\t\t\t\t<\/span>\n\t\t\t\t\t\t\t\t\t\t\t\t<a class=\"elementor-toggle-title\" tabindex=\"0\">Suis-je tenu de d\u00e9poser ma d\u00e9claration d'imp\u00f4ts en tant qu'expatri\u00e9(e) ?<\/a>\n\t\t\t\t\t<\/h4>\n\n\t\t\t\t\t<div id=\"elementor-tab-content-1441\" class=\"elementor-tab-content elementor-clearfix\" data-tab=\"1\" role=\"region\" aria-labelledby=\"elementor-tab-title-1441\"><p>Si vous \u00eates titulaire d&rsquo;un permis B, et donc impos\u00e9(e) \u00e0 la source, vous n&rsquo;\u00eates pas tenu(e) de d\u00e9poser votre d\u00e9claration d&rsquo;imp\u00f4ts \u00e0 proprement parler. Vous devez cependant d\u00e9clarer vos revenus de l&rsquo;ann\u00e9e en cours.<\/p><\/div>\n\t\t\t\t<\/div>\n\t\t\t\t\t\t\t<div class=\"elementor-toggle-item\">\n\t\t\t\t\t<h4 id=\"elementor-tab-title-1442\" class=\"elementor-tab-title\" data-tab=\"2\" role=\"button\" aria-controls=\"elementor-tab-content-1442\" aria-expanded=\"false\">\n\t\t\t\t\t\t\t\t\t\t\t\t<span class=\"elementor-toggle-icon elementor-toggle-icon-right\" aria-hidden=\"true\">\n\t\t\t\t\t\t\t\t\t\t\t\t\t\t\t<span class=\"elementor-toggle-icon-closed\"><svg xmlns=\"http:\/\/www.w3.org\/2000\/svg\" id=\"a1e64e0c-4c41-4fca-8542-7a49c6092caa\" data-name=\"Layer 1\" width=\"16.9661\" height=\"16.9661\" viewBox=\"0 0 16.9661 16.9661\"><defs><style>.aed1427e-e5ff-4359-b373-334313c48315{fill:#1c2448;}<\/style><\/defs><path class=\"aed1427e-e5ff-4359-b373-334313c48315\" d=\"M8.8969,16.966V8.9071h8.0692V8.1012H8.8969V0H8.0693V8.1012H0v.8059H8.0693V16.966Z\" transform=\"translate(0 0.0001)\"><\/path><\/svg><\/span>\n\t\t\t\t\t\t\t\t<span class=\"elementor-toggle-icon-opened\"><svg xmlns=\"http:\/\/www.w3.org\/2000\/svg\" id=\"ef88faed-b140-41a0-9417-c1651f3bd4fc\" data-name=\"Layer 1\" width=\"13.785\" height=\"1.0074\" viewBox=\"0 0 13.785 1.0074\"><defs><style>.e3c7dd86-9752-467e-8574-885a4e9461bb{fill:#1c2448;}<\/style><\/defs><path class=\"e3c7dd86-9752-467e-8574-885a4e9461bb\" d=\"M13.785,1.0338V.0265H0V1.0338Z\" transform=\"translate(0 -0.0265)\"><\/path><\/svg><\/span>\n\t\t\t\t\t\t\t\t\t\t\t\t\t<\/span>\n\t\t\t\t\t\t\t\t\t\t\t\t<a class=\"elementor-toggle-title\" tabindex=\"0\">Quels sont les niveaux d'imp\u00f4ts pay\u00e9s en Suisse ?<\/a>\n\t\t\t\t\t<\/h4>\n\n\t\t\t\t\t<div id=\"elementor-tab-content-1442\" class=\"elementor-tab-content elementor-clearfix\" data-tab=\"2\" role=\"region\" aria-labelledby=\"elementor-tab-title-1442\"><p>En Suisse, vous paierez des imp\u00f4ts au niveau de la Conf\u00e9d\u00e9ration, du canton, mais \u00e9galement de la commune de laquelle vous \u00eates r\u00e9sident(e). Votre d\u00e9claration sera destin\u00e9 au canton qui se chargera par la suite de la redistribution.<\/p><\/div>\n\t\t\t\t<\/div>\n\t\t\t\t\t\t\t<div class=\"elementor-toggle-item\">\n\t\t\t\t\t<h4 id=\"elementor-tab-title-1443\" class=\"elementor-tab-title\" data-tab=\"3\" role=\"button\" aria-controls=\"elementor-tab-content-1443\" aria-expanded=\"false\">\n\t\t\t\t\t\t\t\t\t\t\t\t<span class=\"elementor-toggle-icon elementor-toggle-icon-right\" aria-hidden=\"true\">\n\t\t\t\t\t\t\t\t\t\t\t\t\t\t\t<span class=\"elementor-toggle-icon-closed\"><svg xmlns=\"http:\/\/www.w3.org\/2000\/svg\" id=\"a1e64e0c-4c41-4fca-8542-7a49c6092caa\" data-name=\"Layer 1\" width=\"16.9661\" height=\"16.9661\" viewBox=\"0 0 16.9661 16.9661\"><defs><style>.aed1427e-e5ff-4359-b373-334313c48315{fill:#1c2448;}<\/style><\/defs><path class=\"aed1427e-e5ff-4359-b373-334313c48315\" d=\"M8.8969,16.966V8.9071h8.0692V8.1012H8.8969V0H8.0693V8.1012H0v.8059H8.0693V16.966Z\" transform=\"translate(0 0.0001)\"><\/path><\/svg><\/span>\n\t\t\t\t\t\t\t\t<span class=\"elementor-toggle-icon-opened\"><svg xmlns=\"http:\/\/www.w3.org\/2000\/svg\" id=\"ef88faed-b140-41a0-9417-c1651f3bd4fc\" data-name=\"Layer 1\" width=\"13.785\" height=\"1.0074\" viewBox=\"0 0 13.785 1.0074\"><defs><style>.e3c7dd86-9752-467e-8574-885a4e9461bb{fill:#1c2448;}<\/style><\/defs><path class=\"e3c7dd86-9752-467e-8574-885a4e9461bb\" d=\"M13.785,1.0338V.0265H0V1.0338Z\" transform=\"translate(0 -0.0265)\"><\/path><\/svg><\/span>\n\t\t\t\t\t\t\t\t\t\t\t\t\t<\/span>\n\t\t\t\t\t\t\t\t\t\t\t\t<a class=\"elementor-toggle-title\" tabindex=\"0\">Quels documents devrais-je pr\u00e9voir ?<\/a>\n\t\t\t\t\t<\/h4>\n\n\t\t\t\t\t<div id=\"elementor-tab-content-1443\" class=\"elementor-tab-content elementor-clearfix\" data-tab=\"3\" role=\"region\" aria-labelledby=\"elementor-tab-title-1443\"><p>Lors du remplissage de votre d\u00e9claration fiscale, nos fiscalistes auront besoin de quelques documents justifiant votre situation.<\/p><p>Voici les documents \u00e0 transmettre \u00e0 votre fiscaliste (liste non-exhaustive) :<\/p><ul><li>certificats de salaire (salari\u00e9(e))<\/li><li>justificatifs de perception de rente ou pension<\/li><li>justificatifs des int\u00e9r\u00eats et dettes hypoth\u00e9caires<\/li><li>justificatifs d&rsquo;entretien et de travaux (propri\u00e9taire)<\/li><li>attestation de cotisations au 3\u00e8me pilier A\/B<\/li><li>attestation de gain de jeux<\/li><li>copie du jugement de divorce ou de mariage (si arriv\u00e9 l&rsquo;ann\u00e9e fiscale en cours)<\/li><\/ul><p>\u00a0<\/p><p><a href=\"https:\/\/tax-services.ch\/documents\/\">Documents \u00e0 pr\u00e9voir pour la d\u00e9claration d&rsquo;imp\u00f4ts<\/a><\/p><\/div>\n\t\t\t\t<\/div>\n\t\t\t\t\t\t\t<div class=\"elementor-toggle-item\">\n\t\t\t\t\t<h4 id=\"elementor-tab-title-1444\" class=\"elementor-tab-title\" data-tab=\"4\" role=\"button\" aria-controls=\"elementor-tab-content-1444\" aria-expanded=\"false\">\n\t\t\t\t\t\t\t\t\t\t\t\t<span class=\"elementor-toggle-icon elementor-toggle-icon-right\" aria-hidden=\"true\">\n\t\t\t\t\t\t\t\t\t\t\t\t\t\t\t<span class=\"elementor-toggle-icon-closed\"><svg xmlns=\"http:\/\/www.w3.org\/2000\/svg\" id=\"a1e64e0c-4c41-4fca-8542-7a49c6092caa\" data-name=\"Layer 1\" width=\"16.9661\" height=\"16.9661\" viewBox=\"0 0 16.9661 16.9661\"><defs><style>.aed1427e-e5ff-4359-b373-334313c48315{fill:#1c2448;}<\/style><\/defs><path class=\"aed1427e-e5ff-4359-b373-334313c48315\" d=\"M8.8969,16.966V8.9071h8.0692V8.1012H8.8969V0H8.0693V8.1012H0v.8059H8.0693V16.966Z\" transform=\"translate(0 0.0001)\"><\/path><\/svg><\/span>\n\t\t\t\t\t\t\t\t<span class=\"elementor-toggle-icon-opened\"><svg xmlns=\"http:\/\/www.w3.org\/2000\/svg\" id=\"ef88faed-b140-41a0-9417-c1651f3bd4fc\" data-name=\"Layer 1\" width=\"13.785\" height=\"1.0074\" viewBox=\"0 0 13.785 1.0074\"><defs><style>.e3c7dd86-9752-467e-8574-885a4e9461bb{fill:#1c2448;}<\/style><\/defs><path class=\"e3c7dd86-9752-467e-8574-885a4e9461bb\" d=\"M13.785,1.0338V.0265H0V1.0338Z\" transform=\"translate(0 -0.0265)\"><\/path><\/svg><\/span>\n\t\t\t\t\t\t\t\t\t\t\t\t\t<\/span>\n\t\t\t\t\t\t\t\t\t\t\t\t<a class=\"elementor-toggle-title\" tabindex=\"0\">Que se passe-t-il apr\u00e8s que vous avez d\u00e9pos\u00e9 ma d\u00e9claration ?<\/a>\n\t\t\t\t\t<\/h4>\n\n\t\t\t\t\t<div id=\"elementor-tab-content-1444\" class=\"elementor-tab-content elementor-clearfix\" data-tab=\"4\" role=\"region\" aria-labelledby=\"elementor-tab-title-1444\"><p>Une fois votre d\u00e9claration d&rsquo;imp\u00f4ts remplie, l&rsquo;<a href=\"https:\/\/www.ge.ch\/organisation\/direction-generale-administration-fiscale-cantonale\" target=\"_blank\" rel=\"noopener\">Administration Fiscale Cantonale (AFC)<\/a> v\u00e9rifie que cette derni\u00e8re est bien arriv\u00e9e dans les d\u00e9lais, sign\u00e9e, et qu&rsquo;elle comporte tous les justificatifs.<\/p><p>Ensuite, le syst\u00e8me de gestion \u00e9lectronique de l&rsquo;AFC v\u00e9rifiera son contenu.<\/p><\/div>\n\t\t\t\t<\/div>\n\t\t\t\t\t\t\t<div class=\"elementor-toggle-item\">\n\t\t\t\t\t<h4 id=\"elementor-tab-title-1445\" class=\"elementor-tab-title\" data-tab=\"5\" role=\"button\" aria-controls=\"elementor-tab-content-1445\" aria-expanded=\"false\">\n\t\t\t\t\t\t\t\t\t\t\t\t<span class=\"elementor-toggle-icon elementor-toggle-icon-right\" aria-hidden=\"true\">\n\t\t\t\t\t\t\t\t\t\t\t\t\t\t\t<span class=\"elementor-toggle-icon-closed\"><svg xmlns=\"http:\/\/www.w3.org\/2000\/svg\" id=\"a1e64e0c-4c41-4fca-8542-7a49c6092caa\" data-name=\"Layer 1\" width=\"16.9661\" height=\"16.9661\" viewBox=\"0 0 16.9661 16.9661\"><defs><style>.aed1427e-e5ff-4359-b373-334313c48315{fill:#1c2448;}<\/style><\/defs><path class=\"aed1427e-e5ff-4359-b373-334313c48315\" d=\"M8.8969,16.966V8.9071h8.0692V8.1012H8.8969V0H8.0693V8.1012H0v.8059H8.0693V16.966Z\" transform=\"translate(0 0.0001)\"><\/path><\/svg><\/span>\n\t\t\t\t\t\t\t\t<span class=\"elementor-toggle-icon-opened\"><svg xmlns=\"http:\/\/www.w3.org\/2000\/svg\" id=\"ef88faed-b140-41a0-9417-c1651f3bd4fc\" data-name=\"Layer 1\" width=\"13.785\" height=\"1.0074\" viewBox=\"0 0 13.785 1.0074\"><defs><style>.e3c7dd86-9752-467e-8574-885a4e9461bb{fill:#1c2448;}<\/style><\/defs><path class=\"e3c7dd86-9752-467e-8574-885a4e9461bb\" d=\"M13.785,1.0338V.0265H0V1.0338Z\" transform=\"translate(0 -0.0265)\"><\/path><\/svg><\/span>\n\t\t\t\t\t\t\t\t\t\t\t\t\t<\/span>\n\t\t\t\t\t\t\t\t\t\t\t\t<a class=\"elementor-toggle-title\" tabindex=\"0\">Quels sont les imp\u00f4ts prelev\u00e9s par la conf\u00e9d\u00e9ration ?<\/a>\n\t\t\t\t\t<\/h4>\n\n\t\t\t\t\t<div id=\"elementor-tab-content-1445\" class=\"elementor-tab-content elementor-clearfix\" data-tab=\"5\" role=\"region\" aria-labelledby=\"elementor-tab-title-1445\"><p>La conf\u00e9d\u00e9ration pr\u00e9l\u00e8ve deux types d&rsquo;imp\u00f4ts: l&rsquo;imp\u00f4t direct et indirect.<\/p><p>Les imp\u00f4ts directs pr\u00e9lev\u00e9s par la Conf\u00e9d\u00e9ration pour les particuliers sont :<\/p><ul><li>L&rsquo;imp\u00f4t sur le revenu des personnes physiques<\/li><li>La taxe d&rsquo;exemption de l&rsquo;obligation de servir<\/li><\/ul><p>\u00a0<\/p><p>Les imp\u00f4ts indirects pr\u00e9lev\u00e9s par la Conf\u00e9d\u00e9ration pour les particuliers sont :<\/p><ul><li>La taxe sur la valeur ajout\u00e9e<\/li><li>L&rsquo;imp\u00f4t f\u00e9d\u00e9ral anticip\u00e9<\/li><li>L&rsquo;imp\u00f4t sur le tabac et la bi\u00e8re<\/li><li>L&rsquo;imp\u00f4t sur les automobiles<\/li><li>L\u2019imp\u00f4t sur les boissons alcoolis\u00e9es<\/li><\/ul><p>\u00a0<\/p><\/div>\n\t\t\t\t<\/div>\n\t\t\t\t\t\t\t\t<\/div>\n\t\t\t\t\t\t<\/div>\n\t\t\t\t<\/div>\n\t\t\t\t\t<\/div>\n\t\t<\/div>\n\t\t\t\t\t<\/div>\n\t\t<\/section>\n\t\t\t\t\t<\/div>\n\t\t<\/div>\n\t\t\t\t\t<\/div>\n\t\t<\/section>\n\t\t\t\t<section class=\"elementor-section elementor-top-section elementor-element elementor-element-8ecd6f2 elementor-section-height-min-height elementor-reverse-mobile elementor-section-boxed elementor-section-height-default elementor-section-items-middle\" data-id=\"8ecd6f2\" data-element_type=\"section\" data-e-type=\"section\">\n\t\t\t\t\t\t<div class=\"elementor-container elementor-column-gap-no\">\n\t\t\t\t\t<div class=\"elementor-column elementor-col-100 elementor-top-column elementor-element elementor-element-28a8763\" data-id=\"28a8763\" data-element_type=\"column\" data-e-type=\"column\">\n\t\t\t<div class=\"elementor-widget-wrap elementor-element-populated\">\n\t\t\t\t\t\t<div class=\"elementor-element elementor-element-eaaca80 elementor-invisible elementor-widget elementor-widget-heading\" data-id=\"eaaca80\" data-element_type=\"widget\" data-e-type=\"widget\" data-settings=\"{&quot;_animation&quot;:&quot;fadeIn&quot;,&quot;_animation_mobile&quot;:&quot;none&quot;}\" data-widget_type=\"heading.default\">\n\t\t\t\t<div class=\"elementor-widget-container\">\n\t\t\t\t\t<h2 class=\"elementor-heading-title elementor-size-default\">Nos services de fiscalit\u00e9<\/h2>\t\t\t\t<\/div>\n\t\t\t\t<\/div>\n\t\t\t\t<div class=\"elementor-element elementor-element-96598d9 elementor-widget elementor-widget-text-editor\" data-id=\"96598d9\" data-element_type=\"widget\" data-e-type=\"widget\" data-widget_type=\"text-editor.default\">\n\t\t\t\t<div class=\"elementor-widget-container\">\n\t\t\t\t\t\t\t\t\t<p>Nous vous proposons une gamme de services destin\u00e9s \u00e0 vous guider lors de vos d\u00e9marches, vous conseiller, mais aussi vous lib\u00e9rer de vos obligations fiscales, afin que vous puissiez toujours \u00eatre en ordre avec l&rsquo;Administration Fiscale Cantonale.<\/p>\t\t\t\t\t\t\t\t<\/div>\n\t\t\t\t<\/div>\n\t\t\t\t<section class=\"elementor-section elementor-inner-section elementor-element elementor-element-b0141db elementor-section-full_width elementor-section-height-default elementor-section-height-default\" data-id=\"b0141db\" data-element_type=\"section\" data-e-type=\"section\">\n\t\t\t\t\t\t<div class=\"elementor-container elementor-column-gap-default\">\n\t\t\t\t\t<div class=\"elementor-column elementor-col-25 elementor-inner-column elementor-element elementor-element-cd82f0e\" data-id=\"cd82f0e\" data-element_type=\"column\" data-e-type=\"column\" data-settings=\"{&quot;background_background&quot;:&quot;classic&quot;}\">\n\t\t\t<div class=\"elementor-widget-wrap elementor-element-populated\">\n\t\t\t\t\t\t<div class=\"elementor-element elementor-element-e6347e5 elementor-position-top elementor-widget elementor-widget-image-box\" data-id=\"e6347e5\" data-element_type=\"widget\" data-e-type=\"widget\" data-widget_type=\"image-box.default\">\n\t\t\t\t<div class=\"elementor-widget-container\">\n\t\t\t\t\t<div class=\"elementor-image-box-wrapper\"><figure class=\"elementor-image-box-img\"><a href=\"https:\/\/tax-services.ch\/declaration-impots-geneve\/\" tabindex=\"-1\"><img loading=\"lazy\" loading=\"lazy\" decoding=\"async\" width=\"300\" height=\"300\" src=\"https:\/\/www.tax-services.ch\/wp-content\/uploads\/2024\/07\/5-1-300x300.png\" class=\"attachment-medium size-medium wp-image-32908\" alt=\"D\u00e9claration fiscale suisse\" srcset=\"https:\/\/www.tax-services.ch\/wp-content\/uploads\/2024\/07\/5-1-300x300.png 300w, https:\/\/www.tax-services.ch\/wp-content\/uploads\/2024\/07\/5-1-150x150.png 150w, https:\/\/www.tax-services.ch\/wp-content\/uploads\/2024\/07\/5-1-768x768.png 768w, https:\/\/www.tax-services.ch\/wp-content\/uploads\/2024\/07\/5-1-12x12.png 12w, https:\/\/www.tax-services.ch\/wp-content\/uploads\/2024\/07\/5-1.png 810w\" sizes=\"(max-width: 300px) 100vw, 300px\" \/><\/a><\/figure><div class=\"elementor-image-box-content\"><p class=\"elementor-image-box-title\"><a href=\"https:\/\/tax-services.ch\/declaration-impots-geneve\/\">D\u00e9claration fiscale<br>suisse<\/a><\/p><p class=\"elementor-image-box-description\">Nos sp\u00e9cialistes en fiscalit\u00e9 s'occupent de votre d\u00e9claration d'imp\u00f4ts \u00e0 Gen\u00e8ve.<\/p><\/div><\/div>\t\t\t\t<\/div>\n\t\t\t\t<\/div>\n\t\t\t\t\t<\/div>\n\t\t<\/div>\n\t\t\t\t<div class=\"elementor-column elementor-col-25 elementor-inner-column elementor-element elementor-element-89522ae\" data-id=\"89522ae\" data-element_type=\"column\" data-e-type=\"column\" data-settings=\"{&quot;background_background&quot;:&quot;classic&quot;}\">\n\t\t\t<div class=\"elementor-widget-wrap elementor-element-populated\">\n\t\t\t\t\t\t<div class=\"elementor-element elementor-element-8775f24 elementor-position-top elementor-widget elementor-widget-image-box\" data-id=\"8775f24\" data-element_type=\"widget\" data-e-type=\"widget\" data-widget_type=\"image-box.default\">\n\t\t\t\t<div class=\"elementor-widget-container\">\n\t\t\t\t\t<div class=\"elementor-image-box-wrapper\"><figure class=\"elementor-image-box-img\"><a href=\"https:\/\/tax-services.ch\/declaration-impots-geneve\/\" tabindex=\"-1\"><img loading=\"lazy\" loading=\"lazy\" decoding=\"async\" width=\"300\" height=\"300\" src=\"https:\/\/www.tax-services.ch\/wp-content\/uploads\/2024\/07\/6-1-300x300.png\" class=\"attachment-medium size-medium wp-image-32909\" alt=\"Conseils fiscaux\" srcset=\"https:\/\/www.tax-services.ch\/wp-content\/uploads\/2024\/07\/6-1-300x300.png 300w, https:\/\/www.tax-services.ch\/wp-content\/uploads\/2024\/07\/6-1-150x150.png 150w, https:\/\/www.tax-services.ch\/wp-content\/uploads\/2024\/07\/6-1-768x768.png 768w, https:\/\/www.tax-services.ch\/wp-content\/uploads\/2024\/07\/6-1-12x12.png 12w, https:\/\/www.tax-services.ch\/wp-content\/uploads\/2024\/07\/6-1.png 810w\" sizes=\"(max-width: 300px) 100vw, 300px\" \/><\/a><\/figure><div class=\"elementor-image-box-content\"><p class=\"elementor-image-box-title\"><a href=\"https:\/\/tax-services.ch\/declaration-impots-geneve\/\">Conseils fiscaux<\/a><\/p><p class=\"elementor-image-box-description\">Besoin d'aide pour optimiser votre situation fiscale ? Faites appel \u00e0 nos fiscalistes.<\/p><\/div><\/div>\t\t\t\t<\/div>\n\t\t\t\t<\/div>\n\t\t\t\t\t<\/div>\n\t\t<\/div>\n\t\t\t\t<div class=\"elementor-column elementor-col-25 elementor-inner-column elementor-element elementor-element-789c129\" data-id=\"789c129\" data-element_type=\"column\" data-e-type=\"column\" data-settings=\"{&quot;background_background&quot;:&quot;classic&quot;}\">\n\t\t\t<div class=\"elementor-widget-wrap elementor-element-populated\">\n\t\t\t\t\t\t<div class=\"elementor-element elementor-element-d1ebbde elementor-position-top elementor-widget elementor-widget-image-box\" data-id=\"d1ebbde\" data-element_type=\"widget\" data-e-type=\"widget\" data-widget_type=\"image-box.default\">\n\t\t\t\t<div class=\"elementor-widget-container\">\n\t\t\t\t\t<div class=\"elementor-image-box-wrapper\"><figure class=\"elementor-image-box-img\"><a href=\"https:\/\/tax-services.ch\/rectification-impot-a-la-source\/\" tabindex=\"-1\"><img loading=\"lazy\" loading=\"lazy\" decoding=\"async\" width=\"300\" height=\"300\" src=\"https:\/\/www.tax-services.ch\/wp-content\/uploads\/2024\/07\/8-300x300.png\" class=\"attachment-medium size-medium wp-image-32907\" alt=\"Rectification imp\u00f4t \u00e0 la source\" srcset=\"https:\/\/www.tax-services.ch\/wp-content\/uploads\/2024\/07\/8-300x300.png 300w, https:\/\/www.tax-services.ch\/wp-content\/uploads\/2024\/07\/8-150x150.png 150w, https:\/\/www.tax-services.ch\/wp-content\/uploads\/2024\/07\/8-768x768.png 768w, https:\/\/www.tax-services.ch\/wp-content\/uploads\/2024\/07\/8-12x12.png 12w, https:\/\/www.tax-services.ch\/wp-content\/uploads\/2024\/07\/8.png 810w\" sizes=\"(max-width: 300px) 100vw, 300px\" \/><\/a><\/figure><div class=\"elementor-image-box-content\"><p class=\"elementor-image-box-title\"><a href=\"https:\/\/tax-services.ch\/rectification-impot-a-la-source\/\">Rectification imp\u00f4t \u00e0 la source<\/a><\/p><p class=\"elementor-image-box-description\">Nous vous aidons \u00e0 r\u00e9cup\u00e9rer le trop-pay\u00e9 sur votre imp\u00f4t \u00e0 la source \u00e0 Gen\u00e8ve.<\/p><\/div><\/div>\t\t\t\t<\/div>\n\t\t\t\t<\/div>\n\t\t\t\t\t<\/div>\n\t\t<\/div>\n\t\t\t\t<div class=\"elementor-column elementor-col-25 elementor-inner-column elementor-element elementor-element-27141a9\" data-id=\"27141a9\" data-element_type=\"column\" data-e-type=\"column\" data-settings=\"{&quot;background_background&quot;:&quot;classic&quot;}\">\n\t\t\t<div class=\"elementor-widget-wrap elementor-element-populated\">\n\t\t\t\t\t\t<div class=\"elementor-element elementor-element-4fe4a61 elementor-position-top elementor-widget elementor-widget-image-box\" data-id=\"4fe4a61\" data-element_type=\"widget\" data-e-type=\"widget\" data-widget_type=\"image-box.default\">\n\t\t\t\t<div class=\"elementor-widget-container\">\n\t\t\t\t\t<div class=\"elementor-image-box-wrapper\"><figure class=\"elementor-image-box-img\"><a href=\"https:\/\/tax-services.ch\/fiscaliste\/\" tabindex=\"-1\"><img loading=\"lazy\" loading=\"lazy\" decoding=\"async\" width=\"300\" height=\"300\" src=\"https:\/\/www.tax-services.ch\/wp-content\/uploads\/2024\/07\/7-1-300x300.png\" class=\"attachment-medium size-medium wp-image-32906\" alt=\"Quasi-r\u00e9sident genevois\" srcset=\"https:\/\/www.tax-services.ch\/wp-content\/uploads\/2024\/07\/7-1-300x300.png 300w, https:\/\/www.tax-services.ch\/wp-content\/uploads\/2024\/07\/7-1-150x150.png 150w, https:\/\/www.tax-services.ch\/wp-content\/uploads\/2024\/07\/7-1-768x768.png 768w, https:\/\/www.tax-services.ch\/wp-content\/uploads\/2024\/07\/7-1-12x12.png 12w, https:\/\/www.tax-services.ch\/wp-content\/uploads\/2024\/07\/7-1.png 810w\" sizes=\"(max-width: 300px) 100vw, 300px\" \/><\/a><\/figure><div class=\"elementor-image-box-content\"><p class=\"elementor-image-box-title\"><a href=\"https:\/\/tax-services.ch\/fiscaliste\/\">Quasi-r\u00e9sident genevois<\/a><\/p><p class=\"elementor-image-box-description\">Frontaliers et d\u00e9tenteurs du permis de s\u00e9jour B: nos sp\u00e9cialistes vous aident \u00e0 optimiser votre fiscalit\u00e9.<\/p><\/div><\/div>\t\t\t\t<\/div>\n\t\t\t\t<\/div>\n\t\t\t\t\t<\/div>\n\t\t<\/div>\n\t\t\t\t\t<\/div>\n\t\t<\/section>\n\t\t\t\t\t<\/div>\n\t\t<\/div>\n\t\t\t\t\t<\/div>\n\t\t<\/section>\n\t\t\t\t<\/div>\n\t\t","protected":false},"excerpt":{"rendered":"<p>Accueil D\u00e9claration d&rsquo;imp\u00f4ts pour expatri\u00e9s Vous \u00eates un expatri\u00e9 recemment arriv\u00e9 \u00e0 Gen\u00e8ve (ou pas) et vous avez besoin d&rsquo;aide avec votre d\u00e9claration d&rsquo;imp\u00f4ts ? Notre \u00e9quipe s&rsquo;en occupe et v\u00e9rifie les d\u00e9ductions auxquelles vous avez droit. Je me lance Prendre rendez-vous D\u00e9claration d&rsquo;imp\u00f4ts pour expatri\u00e9s \u00e0 Gen\u00e8ve Quand on vient d&rsquo;arriver \u00e0 Gen\u00e8ve (ou [&hellip;]<\/p>\n","protected":false},"author":1,"featured_media":30178,"parent":0,"menu_order":0,"comment_status":"closed","ping_status":"closed","template":"","meta":{"_et_pb_use_builder":"","_et_pb_old_content":"","_et_gb_content_width":"","content-type":"","footnotes":""},"class_list":["post-30152","page","type-page","status-publish","has-post-thumbnail","hentry"],"_links":{"self":[{"href":"https:\/\/www.tax-services.ch\/fr\/wp-json\/wp\/v2\/pages\/30152","targetHints":{"allow":["GET"]}}],"collection":[{"href":"https:\/\/www.tax-services.ch\/fr\/wp-json\/wp\/v2\/pages"}],"about":[{"href":"https:\/\/www.tax-services.ch\/fr\/wp-json\/wp\/v2\/types\/page"}],"author":[{"embeddable":true,"href":"https:\/\/www.tax-services.ch\/fr\/wp-json\/wp\/v2\/users\/1"}],"replies":[{"embeddable":true,"href":"https:\/\/www.tax-services.ch\/fr\/wp-json\/wp\/v2\/comments?post=30152"}],"version-history":[{"count":20,"href":"https:\/\/www.tax-services.ch\/fr\/wp-json\/wp\/v2\/pages\/30152\/revisions"}],"predecessor-version":[{"id":34684,"href":"https:\/\/www.tax-services.ch\/fr\/wp-json\/wp\/v2\/pages\/30152\/revisions\/34684"}],"wp:featuredmedia":[{"embeddable":true,"href":"https:\/\/www.tax-services.ch\/fr\/wp-json\/wp\/v2\/media\/30178"}],"wp:attachment":[{"href":"https:\/\/www.tax-services.ch\/fr\/wp-json\/wp\/v2\/media?parent=30152"}],"curies":[{"name":"wp","href":"https:\/\/api.w.org\/{rel}","templated":true}]}}