{"id":29290,"date":"2022-09-16T15:58:50","date_gmt":"2022-09-16T13:58:50","guid":{"rendered":"https:\/\/tax-services.ch\/?page_id=29290"},"modified":"2025-03-19T15:08:11","modified_gmt":"2025-03-19T14:08:11","slug":"asesor-fiscal","status":"publish","type":"page","link":"https:\/\/www.tax-services.ch\/es\/asesor-fiscal\/","title":{"rendered":"Fiscaliste"},"content":{"rendered":"<div data-elementor-type=\"wp-page\" data-elementor-id=\"29290\" class=\"elementor elementor-29290\" data-elementor-post-type=\"page\">\n\t\t\t\t\t\t<section class=\"elementor-section elementor-top-section elementor-element elementor-element-101521f elementor-section-full_width elementor-section-height-min-height elementor-section-items-stretch elementor-section-content-middle elementor-section-height-default\" data-id=\"101521f\" data-element_type=\"section\" data-e-type=\"section\">\n\t\t\t\t\t\t\t<div class=\"elementor-background-overlay\"><\/div>\n\t\t\t\t\t\t\t<div class=\"elementor-container elementor-column-gap-no\">\n\t\t\t\t\t<div class=\"elementor-column elementor-col-100 elementor-top-column elementor-element elementor-element-11c6ff4\" data-id=\"11c6ff4\" data-element_type=\"column\" data-e-type=\"column\">\n\t\t\t<div class=\"elementor-widget-wrap elementor-element-populated\">\n\t\t\t\t\t\t<section class=\"elementor-section elementor-inner-section elementor-element elementor-element-f8de44b elementor-section-height-min-height elementor-section-boxed elementor-section-height-default\" data-id=\"f8de44b\" data-element_type=\"section\" data-e-type=\"section\">\n\t\t\t\t\t\t<div class=\"elementor-container elementor-column-gap-default\">\n\t\t\t\t\t<div class=\"elementor-column elementor-col-50 elementor-inner-column elementor-element elementor-element-44aef81\" data-id=\"44aef81\" data-element_type=\"column\" data-e-type=\"column\">\n\t\t\t<div class=\"elementor-widget-wrap elementor-element-populated\">\n\t\t\t\t\t\t<div class=\"elementor-element elementor-element-e775606 elementor-widget elementor-widget-breadcrumbs\" data-id=\"e775606\" data-element_type=\"widget\" data-e-type=\"widget\" data-widget_type=\"breadcrumbs.default\">\n\t\t\t\t<div class=\"elementor-widget-container\">\n\t\t\t\t\t<nav aria-label=\"breadcrumbs\" class=\"rank-math-breadcrumb\"><p><span class=\"last\">Inicio<\/span><\/p><\/nav>\t\t\t\t<\/div>\n\t\t\t\t<\/div>\n\t\t\t\t<div class=\"elementor-element elementor-element-b6a89de elementor-invisible elementor-widget elementor-widget-heading\" data-id=\"b6a89de\" data-element_type=\"widget\" data-e-type=\"widget\" data-settings=\"{&quot;_animation&quot;:&quot;fadeIn&quot;,&quot;_animation_mobile&quot;:&quot;none&quot;}\" data-widget_type=\"heading.default\">\n\t\t\t\t<div class=\"elementor-widget-container\">\n\t\t\t\t\t<h1 class=\"elementor-heading-title elementor-size-default\">Fiscaliste <span class=\"blue\">en Ginebra<\/span><\/h1>\t\t\t\t<\/div>\n\t\t\t\t<\/div>\n\t\t\t\t<div class=\"elementor-element elementor-element-e9df403 elementor-widget elementor-widget-text-editor\" data-id=\"e9df403\" data-element_type=\"widget\" data-e-type=\"widget\" data-widget_type=\"text-editor.default\">\n\t\t\t\t<div class=\"elementor-widget-container\">\n\t\t\t\t\t\t\t\t\t<p>\u00bfNecesita la ayuda de un especialista fiscal para mejorar y optimizar su situaci\u00f3n fiscal en Suiza? Llame a TaxFlow y reciba <strong>conseils d&rsquo;experts<\/strong>, en pr\u00e9sentiel ou depuis chez vous.<\/p>\t\t\t\t\t\t\t\t<\/div>\n\t\t\t\t<\/div>\n\t\t\t\t<div class=\"elementor-element elementor-element-ce49e51 elementor-mobile-align-justify elementor-widget__width-initial elementor-widget-mobile__width-initial elementor-align-left elementor-invisible elementor-widget elementor-widget-button\" data-id=\"ce49e51\" data-element_type=\"widget\" data-e-type=\"widget\" data-settings=\"{&quot;_animation&quot;:&quot;fadeIn&quot;,&quot;_animation_mobile&quot;:&quot;none&quot;,&quot;_animation_delay&quot;:&quot;200&quot;}\" data-widget_type=\"button.default\">\n\t\t\t\t<div class=\"elementor-widget-container\">\n\t\t\t\t\t\t\t\t\t<div class=\"elementor-button-wrapper\">\n\t\t\t\t\t<a class=\"elementor-button elementor-button-link elementor-size-sm\" href=\"#elementor-action%3Aaction%3Dpopup%3Aopen%26settings%3DeyJpZCI6IjMyNDEzIiwidG9nZ2xlIjpmYWxzZX0%3D\">\n\t\t\t\t\t\t<span class=\"elementor-button-content-wrapper\">\n\t\t\t\t\t\t\t\t\t<span class=\"elementor-button-text\">Planifier ma consultation<\/span>\n\t\t\t\t\t<\/span>\n\t\t\t\t\t<\/a>\n\t\t\t\t<\/div>\n\t\t\t\t\t\t\t\t<\/div>\n\t\t\t\t<\/div>\n\t\t\t\t<div class=\"elementor-element elementor-element-2bb1ac4 elementor-icon-list--layout-inline elementor-list-item-link-full_width elementor-widget elementor-widget-icon-list\" data-id=\"2bb1ac4\" data-element_type=\"widget\" data-e-type=\"widget\" data-widget_type=\"icon-list.default\">\n\t\t\t\t<div class=\"elementor-widget-container\">\n\t\t\t\t\t\t\t<ul class=\"elementor-icon-list-items elementor-inline-items\">\n\t\t\t\t\t\t\t<li class=\"elementor-icon-list-item elementor-inline-item\">\n\t\t\t\t\t\t\t\t\t\t\t<span class=\"elementor-icon-list-icon\">\n\t\t\t\t\t\t\t<svg xmlns=\"http:\/\/www.w3.org\/2000\/svg\" id=\"ba70b1c4-5bae-4555-bc07-a843f0555fc7\" data-name=\"Layer 1\" viewbox=\"0 0 32.979 32\"><g id=\"b56c1629-3605-49a6-a5a2-6e0ad1366455\" data-name=\"Page-1\"><g id=\"b672b96b-826c-4d33-a4d3-1399b300653f\" data-name=\"Homepage\"><g id=\"ba7d1b89-bd75-4e14-908f-0f1da3ccafb5\" data-name=\"Section-2\"><g id=\"ec5a0e1c-5428-4b9d-a5e5-e88cfab1314c\" data-name=\"Group-14\"><g id=\"bbdb9cc5-333a-42d8-a01d-00241f0ac5b5\" data-name=\"checked\"><path id=\"b7a04dda-4f32-4d1e-b028-755732165484\" data-name=\"Path\" d=\"M32.6244,1.0123A1.2067,1.2067,0,0,0,30.9076,1.01L15.3627,18.009l-3.9646-4.0539a1.2074,1.2074,0,0,0-1.7156-.0715,1.2318,1.2318,0,0,0-.0708,1.73l4.82,4.991A1.2083,1.2083,0,0,0,15.3,21l.026,0a1.2107,1.2107,0,0,0,.8572-.3571L32.6221,2.7441A1.2317,1.2317,0,0,0,32.6244,1.0123Z\"><\/path><path id=\"f50529a8-5597-4376-bdaf-5cbaa66b1afb\" data-name=\"Path\" d=\"M30.7939,14.7939A1.206,1.206,0,0,0,29.5879,16,13.5879,13.5879,0,1,1,16,2.4121,1.2061,1.2061,0,1,0,16,0,16,16,0,1,0,32,16,1.206,1.206,0,0,0,30.7939,14.7939Z\"><\/path><\/g><\/g><\/g><\/g><\/g><\/svg>\t\t\t\t\t\t<\/span>\n\t\t\t\t\t\t\t\t\t\t<span class=\"elementor-icon-list-text\">Reservar en espa\u00f1ol<\/span>\n\t\t\t\t\t\t\t\t\t<\/li>\n\t\t\t\t\t\t\t\t<li class=\"elementor-icon-list-item elementor-inline-item\">\n\t\t\t\t\t\t\t\t\t\t\t<span class=\"elementor-icon-list-icon\">\n\t\t\t\t\t\t\t<svg xmlns=\"http:\/\/www.w3.org\/2000\/svg\" id=\"ba70b1c4-5bae-4555-bc07-a843f0555fc7\" data-name=\"Layer 1\" viewbox=\"0 0 32.979 32\"><g id=\"b56c1629-3605-49a6-a5a2-6e0ad1366455\" data-name=\"Page-1\"><g id=\"b672b96b-826c-4d33-a4d3-1399b300653f\" data-name=\"Homepage\"><g id=\"ba7d1b89-bd75-4e14-908f-0f1da3ccafb5\" data-name=\"Section-2\"><g id=\"ec5a0e1c-5428-4b9d-a5e5-e88cfab1314c\" data-name=\"Group-14\"><g id=\"bbdb9cc5-333a-42d8-a01d-00241f0ac5b5\" data-name=\"checked\"><path id=\"b7a04dda-4f32-4d1e-b028-755732165484\" data-name=\"Path\" d=\"M32.6244,1.0123A1.2067,1.2067,0,0,0,30.9076,1.01L15.3627,18.009l-3.9646-4.0539a1.2074,1.2074,0,0,0-1.7156-.0715,1.2318,1.2318,0,0,0-.0708,1.73l4.82,4.991A1.2083,1.2083,0,0,0,15.3,21l.026,0a1.2107,1.2107,0,0,0,.8572-.3571L32.6221,2.7441A1.2317,1.2317,0,0,0,32.6244,1.0123Z\"><\/path><path id=\"f50529a8-5597-4376-bdaf-5cbaa66b1afb\" data-name=\"Path\" d=\"M30.7939,14.7939A1.206,1.206,0,0,0,29.5879,16,13.5879,13.5879,0,1,1,16,2.4121,1.2061,1.2061,0,1,0,16,0,16,16,0,1,0,32,16,1.206,1.206,0,0,0,30.7939,14.7939Z\"><\/path><\/g><\/g><\/g><\/g><\/g><\/svg>\t\t\t\t\t\t<\/span>\n\t\t\t\t\t\t\t\t\t\t<span class=\"elementor-icon-list-text\">Disponibilit\u00e9 rapide<\/span>\n\t\t\t\t\t\t\t\t\t<\/li>\n\t\t\t\t\t\t\t\t<li class=\"elementor-icon-list-item elementor-inline-item\">\n\t\t\t\t\t\t\t\t\t\t\t<span class=\"elementor-icon-list-icon\">\n\t\t\t\t\t\t\t<svg xmlns=\"http:\/\/www.w3.org\/2000\/svg\" id=\"ba70b1c4-5bae-4555-bc07-a843f0555fc7\" data-name=\"Layer 1\" viewbox=\"0 0 32.979 32\"><g id=\"b56c1629-3605-49a6-a5a2-6e0ad1366455\" data-name=\"Page-1\"><g id=\"b672b96b-826c-4d33-a4d3-1399b300653f\" data-name=\"Homepage\"><g id=\"ba7d1b89-bd75-4e14-908f-0f1da3ccafb5\" data-name=\"Section-2\"><g id=\"ec5a0e1c-5428-4b9d-a5e5-e88cfab1314c\" data-name=\"Group-14\"><g id=\"bbdb9cc5-333a-42d8-a01d-00241f0ac5b5\" data-name=\"checked\"><path id=\"b7a04dda-4f32-4d1e-b028-755732165484\" data-name=\"Path\" d=\"M32.6244,1.0123A1.2067,1.2067,0,0,0,30.9076,1.01L15.3627,18.009l-3.9646-4.0539a1.2074,1.2074,0,0,0-1.7156-.0715,1.2318,1.2318,0,0,0-.0708,1.73l4.82,4.991A1.2083,1.2083,0,0,0,15.3,21l.026,0a1.2107,1.2107,0,0,0,.8572-.3571L32.6221,2.7441A1.2317,1.2317,0,0,0,32.6244,1.0123Z\"><\/path><path id=\"f50529a8-5597-4376-bdaf-5cbaa66b1afb\" data-name=\"Path\" d=\"M30.7939,14.7939A1.206,1.206,0,0,0,29.5879,16,13.5879,13.5879,0,1,1,16,2.4121,1.2061,1.2061,0,1,0,16,0,16,16,0,1,0,32,16,1.206,1.206,0,0,0,30.7939,14.7939Z\"><\/path><\/g><\/g><\/g><\/g><\/g><\/svg>\t\t\t\t\t\t<\/span>\n\t\t\t\t\t\t\t\t\t\t<span class=\"elementor-icon-list-text\">Approche personnalis\u00e9e<\/span>\n\t\t\t\t\t\t\t\t\t<\/li>\n\t\t\t\t\t\t<\/ul>\n\t\t\t\t\t\t<\/div>\n\t\t\t\t<\/div>\n\t\t\t\t<div class=\"elementor-element elementor-element-f60b4eb elementor-widget elementor-widget-image\" data-id=\"f60b4eb\" data-element_type=\"widget\" data-e-type=\"widget\" data-widget_type=\"image.default\">\n\t\t\t\t<div class=\"elementor-widget-container\">\n\t\t\t\t\t\t\t\t\t\t\t\t\t\t\t<img fetchpriority=\"high\" decoding=\"async\" width=\"625\" height=\"125\" src=\"https:\/\/www.tax-services.ch\/wp-content\/uploads\/2023\/04\/Google-Reviews-for-Tax-Services.png\" class=\"attachment-large size-large wp-image-31298\" alt=\"Google Reviews for Tax Services\" srcset=\"https:\/\/www.tax-services.ch\/wp-content\/uploads\/2023\/04\/Google-Reviews-for-Tax-Services.png 625w, https:\/\/www.tax-services.ch\/wp-content\/uploads\/2023\/04\/Google-Reviews-for-Tax-Services-300x60.png 300w, https:\/\/www.tax-services.ch\/wp-content\/uploads\/2023\/04\/Google-Reviews-for-Tax-Services-18x4.png 18w\" sizes=\"(max-width: 625px) 100vw, 625px\" \/>\t\t\t\t\t\t\t\t\t\t\t\t\t\t\t<\/div>\n\t\t\t\t<\/div>\n\t\t\t\t\t<\/div>\n\t\t<\/div>\n\t\t\t\t<div class=\"elementor-column elementor-col-50 elementor-inner-column elementor-element elementor-element-a39444e elementor-hidden-desktop\" data-id=\"a39444e\" data-element_type=\"column\" data-e-type=\"column\">\n\t\t\t<div class=\"elementor-widget-wrap\">\n\t\t\t\t\t\t\t<\/div>\n\t\t<\/div>\n\t\t\t\t\t<\/div>\n\t\t<\/section>\n\t\t\t\t\t<\/div>\n\t\t<\/div>\n\t\t\t\t\t<\/div>\n\t\t<\/section>\n\t\t\t\t<section class=\"elementor-section elementor-top-section elementor-element elementor-element-66cfe79 elementor-reverse-mobile elementor-section-height-min-height elementor-section-boxed elementor-section-height-default elementor-section-items-middle\" data-id=\"66cfe79\" data-element_type=\"section\" data-e-type=\"section\" data-settings=\"{&quot;background_background&quot;:&quot;classic&quot;}\">\n\t\t\t\t\t\t\t<div class=\"elementor-background-overlay\"><\/div>\n\t\t\t\t\t\t\t<div class=\"elementor-container elementor-column-gap-no\">\n\t\t\t\t\t<div class=\"elementor-column elementor-col-50 elementor-top-column elementor-element elementor-element-524aa238\" data-id=\"524aa238\" data-element_type=\"column\" data-e-type=\"column\">\n\t\t\t<div class=\"elementor-widget-wrap elementor-element-populated\">\n\t\t\t\t\t\t<div class=\"elementor-element elementor-element-7fdbad5c e-transform elementor-widget elementor-widget-image\" data-id=\"7fdbad5c\" data-element_type=\"widget\" data-e-type=\"widget\" data-settings=\"{&quot;_transform_flipX_effect&quot;:&quot;transform&quot;}\" data-widget_type=\"image.default\">\n\t\t\t\t<div class=\"elementor-widget-container\">\n\t\t\t\t\t\t\t\t\t\t\t\t\t\t\t<img decoding=\"async\" width=\"1024\" height=\"724\" src=\"https:\/\/www.tax-services.ch\/wp-content\/uploads\/2023\/02\/7-1024x724.png\" class=\"attachment-large size-large wp-image-31042\" alt=\"Conseil fiscal \u00e0 Gen\u00e8ve, Suisse\" srcset=\"https:\/\/www.tax-services.ch\/wp-content\/uploads\/2023\/02\/7-1024x724.png 1024w, https:\/\/www.tax-services.ch\/wp-content\/uploads\/2023\/02\/7-300x212.png 300w, https:\/\/www.tax-services.ch\/wp-content\/uploads\/2023\/02\/7-768x543.png 768w, https:\/\/www.tax-services.ch\/wp-content\/uploads\/2023\/02\/7-1536x1086.png 1536w, https:\/\/www.tax-services.ch\/wp-content\/uploads\/2023\/02\/7-18x12.png 18w, https:\/\/www.tax-services.ch\/wp-content\/uploads\/2023\/02\/7.png 2000w\" sizes=\"(max-width: 1024px) 100vw, 1024px\" \/>\t\t\t\t\t\t\t\t\t\t\t\t\t\t\t<\/div>\n\t\t\t\t<\/div>\n\t\t\t\t\t<\/div>\n\t\t<\/div>\n\t\t\t\t<div class=\"elementor-column elementor-col-50 elementor-top-column elementor-element elementor-element-2311a93e\" data-id=\"2311a93e\" data-element_type=\"column\" data-e-type=\"column\">\n\t\t\t<div class=\"elementor-widget-wrap elementor-element-populated\">\n\t\t\t\t\t\t<div class=\"elementor-element elementor-element-4dfbce0c elementor-invisible elementor-widget elementor-widget-heading\" data-id=\"4dfbce0c\" data-element_type=\"widget\" data-e-type=\"widget\" data-settings=\"{&quot;_animation&quot;:&quot;fadeIn&quot;,&quot;_animation_mobile&quot;:&quot;none&quot;}\" data-widget_type=\"heading.default\">\n\t\t\t\t<div class=\"elementor-widget-container\">\n\t\t\t\t\t<h2 class=\"elementor-heading-title elementor-size-default\">Des fiscalistes pluridisciplinaires \u00e0 <span class=\"blue-text\">votre service<\/span><\/h2>\t\t\t\t<\/div>\n\t\t\t\t<\/div>\n\t\t\t\t<div class=\"elementor-element elementor-element-3011b711 elementor-widget elementor-widget-text-editor\" data-id=\"3011b711\" data-element_type=\"widget\" data-e-type=\"widget\" data-widget_type=\"text-editor.default\">\n\t\t\t\t<div class=\"elementor-widget-container\">\n\t\t\t\t\t\t\t\t\t<p>Quelque soit votre situation fiscale; r\u00e9sident avec permis, frontalier ou suisse, nos experts sont \u00e0 votre \u00e9coute afin de vous aider \u00e0 optimiser votre situation afin de maximiser vos d\u00e9ductions fiscales.<\/p>\t\t\t\t\t\t\t\t<\/div>\n\t\t\t\t<\/div>\n\t\t\t\t<div class=\"elementor-element elementor-element-3b5ef6b elementor-widget elementor-widget-heading\" data-id=\"3b5ef6b\" data-element_type=\"widget\" data-e-type=\"widget\" data-widget_type=\"heading.default\">\n\t\t\t\t<div class=\"elementor-widget-container\">\n\t\t\t\t\t<h3 class=\"elementor-heading-title elementor-size-default\">Consultations personnelles de conseil fiscal<\/h3>\t\t\t\t<\/div>\n\t\t\t\t<\/div>\n\t\t\t\t<div class=\"elementor-element elementor-element-3aa2868b elementor-widget elementor-widget-text-editor\" data-id=\"3aa2868b\" data-element_type=\"widget\" data-e-type=\"widget\" data-widget_type=\"text-editor.default\">\n\t\t\t\t<div class=\"elementor-widget-container\">\n\t\t\t\t\t\t\t\t\t<p>Planifiez une consultation vid\u00e9o avec un conseiller afin de clarifier vos doutes et obtenir les meilleurs conseils selon votre situation en Suisse.<\/p>\t\t\t\t\t\t\t\t<\/div>\n\t\t\t\t<\/div>\n\t\t\t\t\t<\/div>\n\t\t<\/div>\n\t\t\t\t\t<\/div>\n\t\t<\/section>\n\t\t\t\t<section class=\"elementor-section elementor-top-section elementor-element elementor-element-3e0efaa elementor-section-height-min-height elementor-section-boxed elementor-section-height-default elementor-section-items-middle\" data-id=\"3e0efaa\" data-element_type=\"section\" data-e-type=\"section\">\n\t\t\t\t\t\t<div class=\"elementor-container elementor-column-gap-no\">\n\t\t\t\t\t<div class=\"elementor-column elementor-col-50 elementor-top-column elementor-element elementor-element-71c876c\" data-id=\"71c876c\" data-element_type=\"column\" data-e-type=\"column\">\n\t\t\t<div class=\"elementor-widget-wrap elementor-element-populated\">\n\t\t\t\t\t\t<div class=\"elementor-element elementor-element-b40fe62 elementor-invisible elementor-widget elementor-widget-heading\" data-id=\"b40fe62\" data-element_type=\"widget\" data-e-type=\"widget\" data-settings=\"{&quot;_animation&quot;:&quot;fadeIn&quot;,&quot;_animation_mobile&quot;:&quot;none&quot;}\" data-widget_type=\"heading.default\">\n\t\t\t\t<div class=\"elementor-widget-container\">\n\t\t\t\t\t<h2 class=\"elementor-heading-title elementor-size-default\">Optimizaci\u00f3n fiscal<\/h2>\t\t\t\t<\/div>\n\t\t\t\t<\/div>\n\t\t\t\t<div class=\"elementor-element elementor-element-b681520 elementor-widget elementor-widget-text-editor\" data-id=\"b681520\" data-element_type=\"widget\" data-e-type=\"widget\" data-widget_type=\"text-editor.default\">\n\t\t\t\t<div class=\"elementor-widget-container\">\n\t\t\t\t\t\t\t\t\t<p>L&rsquo;optimisation fiscale se d\u00e9finit par l&rsquo;utilisation de m\u00e9canismes relatifs au droit fiscal, afin de r\u00e9duire le montant de l&rsquo;imposition d&rsquo;un contribuable, tout respectant les obligations l\u00e9gales f\u00e9d\u00e9rales.<\/p>\t\t\t\t\t\t\t\t<\/div>\n\t\t\t\t<\/div>\n\t\t\t\t<div class=\"elementor-element elementor-element-7b9f5d1 elementor-widget elementor-widget-heading\" data-id=\"7b9f5d1\" data-element_type=\"widget\" data-e-type=\"widget\" data-widget_type=\"heading.default\">\n\t\t\t\t<div class=\"elementor-widget-container\">\n\t\t\t\t\t<h3 class=\"elementor-heading-title elementor-size-default\">Consultations d'optimisation fiscale<\/h3>\t\t\t\t<\/div>\n\t\t\t\t<\/div>\n\t\t\t\t<div class=\"elementor-element elementor-element-9ce35ae elementor-widget elementor-widget-text-editor\" data-id=\"9ce35ae\" data-element_type=\"widget\" data-e-type=\"widget\" data-widget_type=\"text-editor.default\">\n\t\t\t\t<div class=\"elementor-widget-container\">\n\t\t\t\t\t\t\t\t\t<p>Nos sp\u00e9cialistes comp\u00e9tents vous propose des consultations amicales et mettent leur expertise interdisciplinaire \u00e0 votre service afin de r\u00e9duire le montant de vos imp\u00f4ts, dans le total respect des normes suisses.<\/p>\t\t\t\t\t\t\t\t<\/div>\n\t\t\t\t<\/div>\n\t\t\t\t<div class=\"elementor-element elementor-element-775062d elementor-align-left elementor-mobile-align-justify elementor-invisible elementor-widget elementor-widget-button\" data-id=\"775062d\" data-element_type=\"widget\" data-e-type=\"widget\" data-settings=\"{&quot;_animation&quot;:&quot;fadeIn&quot;,&quot;_animation_mobile&quot;:&quot;none&quot;,&quot;_animation_delay&quot;:&quot;200&quot;}\" data-widget_type=\"button.default\">\n\t\t\t\t<div class=\"elementor-widget-container\">\n\t\t\t\t\t\t\t\t\t<div class=\"elementor-button-wrapper\">\n\t\t\t\t\t<a class=\"elementor-button elementor-button-link elementor-size-sm\" href=\"#elementor-action%3Aaction%3Dpopup%3Aopen%26settings%3DeyJpZCI6IjMyNDEzIiwidG9nZ2xlIjpmYWxzZX0%3D\">\n\t\t\t\t\t\t<span class=\"elementor-button-content-wrapper\">\n\t\t\t\t\t\t\t\t\t<span class=\"elementor-button-text\">Planifier une consultation<\/span>\n\t\t\t\t\t<\/span>\n\t\t\t\t\t<\/a>\n\t\t\t\t<\/div>\n\t\t\t\t\t\t\t\t<\/div>\n\t\t\t\t<\/div>\n\t\t\t\t\t<\/div>\n\t\t<\/div>\n\t\t\t\t<div class=\"elementor-column elementor-col-50 elementor-top-column elementor-element elementor-element-f54ab20\" data-id=\"f54ab20\" data-element_type=\"column\" data-e-type=\"column\">\n\t\t\t<div class=\"elementor-widget-wrap elementor-element-populated\">\n\t\t\t\t\t\t<div class=\"elementor-element elementor-element-702a0a5 elementor-widget elementor-widget-image\" data-id=\"702a0a5\" data-element_type=\"widget\" data-e-type=\"widget\" data-widget_type=\"image.default\">\n\t\t\t\t<div class=\"elementor-widget-container\">\n\t\t\t\t\t\t\t\t\t\t\t\t\t\t\t<img decoding=\"async\" width=\"1024\" height=\"576\" src=\"https:\/\/www.tax-services.ch\/wp-content\/uploads\/2023\/02\/mw4u9qm6chq-1024x576.jpg\" class=\"attachment-large size-large wp-image-31079\" alt=\"Optimizaci\u00f3n fiscal\" srcset=\"https:\/\/www.tax-services.ch\/wp-content\/uploads\/2023\/02\/mw4u9qm6chq-1024x576.jpg 1024w, https:\/\/www.tax-services.ch\/wp-content\/uploads\/2023\/02\/mw4u9qm6chq-300x169.jpg 300w, https:\/\/www.tax-services.ch\/wp-content\/uploads\/2023\/02\/mw4u9qm6chq-768x432.jpg 768w, https:\/\/www.tax-services.ch\/wp-content\/uploads\/2023\/02\/mw4u9qm6chq-1536x864.jpg 1536w, https:\/\/www.tax-services.ch\/wp-content\/uploads\/2023\/02\/mw4u9qm6chq-18x10.jpg 18w, https:\/\/www.tax-services.ch\/wp-content\/uploads\/2023\/02\/mw4u9qm6chq.jpg 1600w\" sizes=\"(max-width: 1024px) 100vw, 1024px\" \/>\t\t\t\t\t\t\t\t\t\t\t\t\t\t\t<\/div>\n\t\t\t\t<\/div>\n\t\t\t\t\t<\/div>\n\t\t<\/div>\n\t\t\t\t\t<\/div>\n\t\t<\/section>\n\t\t\t\t<section class=\"elementor-section elementor-top-section elementor-element elementor-element-320d995 elementor-section-height-min-height elementor-reverse-mobile elementor-section-boxed elementor-section-height-default elementor-section-items-middle\" data-id=\"320d995\" data-element_type=\"section\" data-e-type=\"section\">\n\t\t\t\t\t\t<div class=\"elementor-container elementor-column-gap-no\">\n\t\t\t\t\t<div class=\"elementor-column elementor-col-100 elementor-top-column elementor-element elementor-element-b9d7467\" data-id=\"b9d7467\" data-element_type=\"column\" data-e-type=\"column\">\n\t\t\t<div class=\"elementor-widget-wrap elementor-element-populated\">\n\t\t\t\t\t\t<div class=\"elementor-element elementor-element-3dacbda elementor-invisible elementor-widget elementor-widget-heading\" data-id=\"3dacbda\" data-element_type=\"widget\" data-e-type=\"widget\" data-settings=\"{&quot;_animation&quot;:&quot;fadeIn&quot;,&quot;_animation_mobile&quot;:&quot;none&quot;}\" data-widget_type=\"heading.default\">\n\t\t\t\t<div class=\"elementor-widget-container\">\n\t\t\t\t\t<h2 class=\"elementor-heading-title elementor-size-default\">Nuestros servicios fiscales<\/h2>\t\t\t\t<\/div>\n\t\t\t\t<\/div>\n\t\t\t\t<div class=\"elementor-element elementor-element-bccc518 elementor-widget elementor-widget-text-editor\" data-id=\"bccc518\" data-element_type=\"widget\" data-e-type=\"widget\" data-widget_type=\"text-editor.default\">\n\t\t\t\t<div class=\"elementor-widget-container\">\n\t\t\t\t\t\t\t\t\t<p>Nous vous proposons une gamme de services destin\u00e9s \u00e0 vous guider lors de vos d\u00e9marches, vous conseiller, mais aussi vous lib\u00e9rer de vos obligations fiscales, afin que vous puissiez toujours \u00eatre en ordre avec l&rsquo;AFC<\/p>\t\t\t\t\t\t\t\t<\/div>\n\t\t\t\t<\/div>\n\t\t\t\t<section class=\"elementor-section elementor-inner-section elementor-element elementor-element-5429fe9 elementor-section-full_width elementor-section-height-default elementor-section-height-default\" data-id=\"5429fe9\" data-element_type=\"section\" data-e-type=\"section\">\n\t\t\t\t\t\t<div class=\"elementor-container elementor-column-gap-default\">\n\t\t\t\t\t<div class=\"elementor-column elementor-col-50 elementor-inner-column elementor-element elementor-element-5da2809\" data-id=\"5da2809\" data-element_type=\"column\" data-e-type=\"column\" data-settings=\"{&quot;background_background&quot;:&quot;classic&quot;}\">\n\t\t\t<div class=\"elementor-widget-wrap elementor-element-populated\">\n\t\t\t\t\t\t<div class=\"elementor-element elementor-element-54c2a68 elementor-position-top elementor-widget elementor-widget-image-box\" data-id=\"54c2a68\" data-element_type=\"widget\" data-e-type=\"widget\" data-widget_type=\"image-box.default\">\n\t\t\t\t<div class=\"elementor-widget-container\">\n\t\t\t\t\t<div class=\"elementor-image-box-wrapper\"><figure class=\"elementor-image-box-img\"><img loading=\"lazy\" decoding=\"async\" width=\"300\" height=\"300\" src=\"https:\/\/www.tax-services.ch\/wp-content\/uploads\/2024\/09\/Ruling-fiscal-300x300.png\" class=\"attachment-medium size-medium wp-image-33670\" alt=\"Ruling fiscal\" srcset=\"https:\/\/www.tax-services.ch\/wp-content\/uploads\/2024\/09\/Ruling-fiscal-300x300.png 300w, https:\/\/www.tax-services.ch\/wp-content\/uploads\/2024\/09\/Ruling-fiscal-1024x1024.png 1024w, https:\/\/www.tax-services.ch\/wp-content\/uploads\/2024\/09\/Ruling-fiscal-150x150.png 150w, https:\/\/www.tax-services.ch\/wp-content\/uploads\/2024\/09\/Ruling-fiscal-768x768.png 768w, https:\/\/www.tax-services.ch\/wp-content\/uploads\/2024\/09\/Ruling-fiscal-1536x1536.png 1536w, https:\/\/www.tax-services.ch\/wp-content\/uploads\/2024\/09\/Ruling-fiscal-12x12.png 12w, https:\/\/www.tax-services.ch\/wp-content\/uploads\/2024\/09\/Ruling-fiscal.png 2000w\" sizes=\"(max-width: 300px) 100vw, 300px\" \/><\/figure><div class=\"elementor-image-box-content\"><p class=\"elementor-image-box-title\">Ruling fiscal<\/p><p class=\"elementor-image-box-description\">Un ruling fiscal est un accord pr\u00e9alable avec les autorit\u00e9s fiscales. Son objectif est de clarifier certains aspects fiscaux avant la r\u00e9alisation d'une op\u00e9ration ou d'une d\u00e9cision. Il permet d'obtenir une s\u00e9curit\u00e9 juridique sur la mani\u00e8re dont une situation sera trait\u00e9e par les autorit\u00e9s fiscales, garantissant ainsi l'absence de surprises ou de litiges ult\u00e9rieurs.<\/p><\/div><\/div>\t\t\t\t<\/div>\n\t\t\t\t<\/div>\n\t\t\t\t\t<\/div>\n\t\t<\/div>\n\t\t\t\t<div class=\"elementor-column elementor-col-50 elementor-inner-column elementor-element elementor-element-0f02a99\" data-id=\"0f02a99\" data-element_type=\"column\" data-e-type=\"column\" data-settings=\"{&quot;background_background&quot;:&quot;classic&quot;}\">\n\t\t\t<div class=\"elementor-widget-wrap elementor-element-populated\">\n\t\t\t\t\t\t<div class=\"elementor-element elementor-element-54afbe8 elementor-position-top elementor-widget elementor-widget-image-box\" data-id=\"54afbe8\" data-element_type=\"widget\" data-e-type=\"widget\" data-widget_type=\"image-box.default\">\n\t\t\t\t<div class=\"elementor-widget-container\">\n\t\t\t\t\t<div class=\"elementor-image-box-wrapper\"><figure class=\"elementor-image-box-img\"><img loading=\"lazy\" decoding=\"async\" width=\"300\" height=\"217\" src=\"https:\/\/www.tax-services.ch\/wp-content\/uploads\/2024\/09\/Declaration-spontanee-e1727271592211-300x217.png\" class=\"attachment-medium size-medium wp-image-33671\" alt=\"D\u00e9claration spontan\u00e9e\" srcset=\"https:\/\/www.tax-services.ch\/wp-content\/uploads\/2024\/09\/Declaration-spontanee-e1727271592211-300x217.png 300w, https:\/\/www.tax-services.ch\/wp-content\/uploads\/2024\/09\/Declaration-spontanee-e1727271592211-1024x741.png 1024w, https:\/\/www.tax-services.ch\/wp-content\/uploads\/2024\/09\/Declaration-spontanee-e1727271592211-768x556.png 768w, https:\/\/www.tax-services.ch\/wp-content\/uploads\/2024\/09\/Declaration-spontanee-e1727271592211-1536x1112.png 1536w, https:\/\/www.tax-services.ch\/wp-content\/uploads\/2024\/09\/Declaration-spontanee-e1727271592211-18x12.png 18w, https:\/\/www.tax-services.ch\/wp-content\/uploads\/2024\/09\/Declaration-spontanee-e1727271592211.png 1603w\" sizes=\"(max-width: 300px) 100vw, 300px\" \/><\/figure><div class=\"elementor-image-box-content\"><p class=\"elementor-image-box-title\">D\u00e9claration spontan\u00e9e<\/p><p class=\"elementor-image-box-description\">Un ruling fiscal est un accord pr\u00e9alable avec les autorit\u00e9s fiscales. Son objectif est de clarifier certains aspects fiscaux avant la r\u00e9alisation d'une op\u00e9ration ou d'une d\u00e9cision. Il permet d'obtenir une s\u00e9curit\u00e9 juridique sur la mani\u00e8re dont une situation sera trait\u00e9e par les autorit\u00e9s fiscales, garantissant ainsi l'absence de surprises ou de litiges ult\u00e9rieurs.<\/p><\/div><\/div>\t\t\t\t<\/div>\n\t\t\t\t<\/div>\n\t\t\t\t\t<\/div>\n\t\t<\/div>\n\t\t\t\t\t<\/div>\n\t\t<\/section>\n\t\t\t\t<section class=\"elementor-section elementor-inner-section elementor-element elementor-element-4065c5a elementor-section-full_width elementor-section-height-default elementor-section-height-default\" data-id=\"4065c5a\" data-element_type=\"section\" data-e-type=\"section\">\n\t\t\t\t\t\t<div class=\"elementor-container elementor-column-gap-default\">\n\t\t\t\t\t<div class=\"elementor-column elementor-col-50 elementor-inner-column elementor-element elementor-element-b73748f\" data-id=\"b73748f\" data-element_type=\"column\" data-e-type=\"column\" data-settings=\"{&quot;background_background&quot;:&quot;classic&quot;}\">\n\t\t\t<div class=\"elementor-widget-wrap elementor-element-populated\">\n\t\t\t\t\t\t<div class=\"elementor-element elementor-element-b7fea4e elementor-position-top elementor-widget elementor-widget-image-box\" data-id=\"b7fea4e\" data-element_type=\"widget\" data-e-type=\"widget\" data-widget_type=\"image-box.default\">\n\t\t\t\t<div class=\"elementor-widget-container\">\n\t\t\t\t\t<div class=\"elementor-image-box-wrapper\"><figure class=\"elementor-image-box-img\"><img loading=\"lazy\" decoding=\"async\" width=\"300\" height=\"249\" src=\"https:\/\/www.tax-services.ch\/wp-content\/uploads\/2024\/09\/Bouclier-fiscal-e1727271031900-300x249.png\" class=\"attachment-medium size-medium wp-image-33672\" alt=\"Bouclier fiscal\" srcset=\"https:\/\/www.tax-services.ch\/wp-content\/uploads\/2024\/09\/Bouclier-fiscal-e1727271031900-300x249.png 300w, https:\/\/www.tax-services.ch\/wp-content\/uploads\/2024\/09\/Bouclier-fiscal-e1727271031900-1024x851.png 1024w, https:\/\/www.tax-services.ch\/wp-content\/uploads\/2024\/09\/Bouclier-fiscal-e1727271031900-768x638.png 768w, https:\/\/www.tax-services.ch\/wp-content\/uploads\/2024\/09\/Bouclier-fiscal-e1727271031900-14x12.png 14w, https:\/\/www.tax-services.ch\/wp-content\/uploads\/2024\/09\/Bouclier-fiscal-e1727271031900.png 1458w\" sizes=\"(max-width: 300px) 100vw, 300px\" \/><\/figure><div class=\"elementor-image-box-content\"><p class=\"elementor-image-box-title\">Bouclier fiscal<\/p><p class=\"elementor-image-box-description\">Optimisez et limitez votre charge fiscale en s\u2019assurant que vous ne payez pas plus que le montant l\u00e9galement autoris\u00e9, tout en exploitant les dispositifs fiscaux disponibles pour prot\u00e9ger vos revenus et votre patrimoine.<\/p><\/div><\/div>\t\t\t\t<\/div>\n\t\t\t\t<\/div>\n\t\t\t\t\t<\/div>\n\t\t<\/div>\n\t\t\t\t<div class=\"elementor-column elementor-col-50 elementor-inner-column elementor-element elementor-element-76b6318\" data-id=\"76b6318\" data-element_type=\"column\" data-e-type=\"column\" data-settings=\"{&quot;background_background&quot;:&quot;classic&quot;}\">\n\t\t\t<div class=\"elementor-widget-wrap elementor-element-populated\">\n\t\t\t\t\t\t<div class=\"elementor-element elementor-element-16951ba elementor-position-top elementor-widget elementor-widget-image-box\" data-id=\"16951ba\" data-element_type=\"widget\" data-e-type=\"widget\" data-widget_type=\"image-box.default\">\n\t\t\t\t<div class=\"elementor-widget-container\">\n\t\t\t\t\t<div class=\"elementor-image-box-wrapper\"><figure class=\"elementor-image-box-img\"><img loading=\"lazy\" decoding=\"async\" width=\"300\" height=\"300\" src=\"https:\/\/www.tax-services.ch\/wp-content\/uploads\/2024\/09\/Contentieux-fiscal-300x300.png\" class=\"attachment-medium size-medium wp-image-33673\" alt=\"Contentieux fiscal\" srcset=\"https:\/\/www.tax-services.ch\/wp-content\/uploads\/2024\/09\/Contentieux-fiscal-300x300.png 300w, https:\/\/www.tax-services.ch\/wp-content\/uploads\/2024\/09\/Contentieux-fiscal-1024x1024.png 1024w, https:\/\/www.tax-services.ch\/wp-content\/uploads\/2024\/09\/Contentieux-fiscal-150x150.png 150w, https:\/\/www.tax-services.ch\/wp-content\/uploads\/2024\/09\/Contentieux-fiscal-768x768.png 768w, https:\/\/www.tax-services.ch\/wp-content\/uploads\/2024\/09\/Contentieux-fiscal-1536x1536.png 1536w, https:\/\/www.tax-services.ch\/wp-content\/uploads\/2024\/09\/Contentieux-fiscal-12x12.png 12w, https:\/\/www.tax-services.ch\/wp-content\/uploads\/2024\/09\/Contentieux-fiscal.png 2000w\" sizes=\"(max-width: 300px) 100vw, 300px\" \/><\/figure><div class=\"elementor-image-box-content\"><p class=\"elementor-image-box-title\">Contentieux fiscal<\/p><p class=\"elementor-image-box-description\">Le service de contentieux fiscal de Taxflow vous accompagne dans la r\u00e9solution de litiges avec les autorit\u00e9s fiscales. Nos experts vous assistent tout au long des d\u00e9marches, en vous aidant \u00e0 g\u00e9rer les situations complexes et \u00e0 prot\u00e9ger vos int\u00e9r\u00eats face \u00e0 l'AFC.<\/p><\/div><\/div>\t\t\t\t<\/div>\n\t\t\t\t<\/div>\n\t\t\t\t\t<\/div>\n\t\t<\/div>\n\t\t\t\t\t<\/div>\n\t\t<\/section>\n\t\t\t\t<section class=\"elementor-section elementor-inner-section elementor-element elementor-element-83bfe59 elementor-section-full_width elementor-section-height-default elementor-section-height-default\" data-id=\"83bfe59\" data-element_type=\"section\" data-e-type=\"section\">\n\t\t\t\t\t\t<div class=\"elementor-container elementor-column-gap-default\">\n\t\t\t\t\t<div class=\"elementor-column elementor-col-33 elementor-inner-column elementor-element elementor-element-2a1cc28\" data-id=\"2a1cc28\" data-element_type=\"column\" data-e-type=\"column\" data-settings=\"{&quot;background_background&quot;:&quot;classic&quot;}\">\n\t\t\t<div class=\"elementor-widget-wrap elementor-element-populated\">\n\t\t\t\t\t\t<div class=\"elementor-element elementor-element-b8316f9 elementor-position-top elementor-widget elementor-widget-image-box\" data-id=\"b8316f9\" data-element_type=\"widget\" data-e-type=\"widget\" data-widget_type=\"image-box.default\">\n\t\t\t\t<div class=\"elementor-widget-container\">\n\t\t\t\t\t<div class=\"elementor-image-box-wrapper\"><figure class=\"elementor-image-box-img\"><img loading=\"lazy\" decoding=\"async\" width=\"300\" height=\"300\" src=\"https:\/\/www.tax-services.ch\/wp-content\/uploads\/2024\/07\/5-1-300x300.png\" class=\"attachment-medium size-medium wp-image-32908\" alt=\"D\u00e9claration fiscale suisse\" srcset=\"https:\/\/www.tax-services.ch\/wp-content\/uploads\/2024\/07\/5-1-300x300.png 300w, https:\/\/www.tax-services.ch\/wp-content\/uploads\/2024\/07\/5-1-150x150.png 150w, https:\/\/www.tax-services.ch\/wp-content\/uploads\/2024\/07\/5-1-768x768.png 768w, https:\/\/www.tax-services.ch\/wp-content\/uploads\/2024\/07\/5-1-12x12.png 12w, https:\/\/www.tax-services.ch\/wp-content\/uploads\/2024\/07\/5-1.png 810w\" sizes=\"(max-width: 300px) 100vw, 300px\" \/><\/figure><div class=\"elementor-image-box-content\"><p class=\"elementor-image-box-title translation-block\"><a href=\"https:\/\/www.tax-services.ch\/es\/declaracion-impuestos-ginebra\/\" target=\"_self\">Declaraci\u00f3n de impuestos en Suiza<\/a><\/p><p class=\"elementor-image-box-description\">Nos sp\u00e9cialistes en fiscalit\u00e9 s'occupent de votre d\u00e9claration d'imp\u00f4ts \u00e0 Gen\u00e8ve.<\/p><\/div><\/div>\t\t\t\t<\/div>\n\t\t\t\t<\/div>\n\t\t\t\t\t<\/div>\n\t\t<\/div>\n\t\t\t\t<div class=\"elementor-column elementor-col-33 elementor-inner-column elementor-element elementor-element-d3e79af\" data-id=\"d3e79af\" data-element_type=\"column\" data-e-type=\"column\" data-settings=\"{&quot;background_background&quot;:&quot;classic&quot;}\">\n\t\t\t<div class=\"elementor-widget-wrap elementor-element-populated\">\n\t\t\t\t\t\t<div class=\"elementor-element elementor-element-e751f77 elementor-position-top elementor-widget elementor-widget-image-box\" data-id=\"e751f77\" data-element_type=\"widget\" data-e-type=\"widget\" data-widget_type=\"image-box.default\">\n\t\t\t\t<div class=\"elementor-widget-container\">\n\t\t\t\t\t<div class=\"elementor-image-box-wrapper\"><figure class=\"elementor-image-box-img\"><img loading=\"lazy\" decoding=\"async\" width=\"300\" height=\"300\" src=\"https:\/\/www.tax-services.ch\/wp-content\/uploads\/2024\/07\/8-300x300.png\" class=\"attachment-medium size-medium wp-image-32907\" alt=\"Ajuste de la retenci\u00f3n de impuestos\" srcset=\"https:\/\/www.tax-services.ch\/wp-content\/uploads\/2024\/07\/8-300x300.png 300w, https:\/\/www.tax-services.ch\/wp-content\/uploads\/2024\/07\/8-150x150.png 150w, https:\/\/www.tax-services.ch\/wp-content\/uploads\/2024\/07\/8-768x768.png 768w, https:\/\/www.tax-services.ch\/wp-content\/uploads\/2024\/07\/8-12x12.png 12w, https:\/\/www.tax-services.ch\/wp-content\/uploads\/2024\/07\/8.png 810w\" sizes=\"(max-width: 300px) 100vw, 300px\" \/><\/figure><div class=\"elementor-image-box-content\"><p class=\"elementor-image-box-title\">Ajuste de la retenci\u00f3n de impuestos<\/p><p class=\"elementor-image-box-description\">Podemos ayudarle a recuperar el exceso de pago de su retenci\u00f3n fiscal en Ginebra.<\/p><\/div><\/div>\t\t\t\t<\/div>\n\t\t\t\t<\/div>\n\t\t\t\t\t<\/div>\n\t\t<\/div>\n\t\t\t\t<div class=\"elementor-column elementor-col-33 elementor-inner-column elementor-element elementor-element-94556ef\" data-id=\"94556ef\" data-element_type=\"column\" data-e-type=\"column\" data-settings=\"{&quot;background_background&quot;:&quot;classic&quot;}\">\n\t\t\t<div class=\"elementor-widget-wrap elementor-element-populated\">\n\t\t\t\t\t\t<div class=\"elementor-element elementor-element-ec91d4f elementor-position-top elementor-widget elementor-widget-image-box\" data-id=\"ec91d4f\" data-element_type=\"widget\" data-e-type=\"widget\" data-widget_type=\"image-box.default\">\n\t\t\t\t<div class=\"elementor-widget-container\">\n\t\t\t\t\t<div class=\"elementor-image-box-wrapper\"><figure class=\"elementor-image-box-img\"><img loading=\"lazy\" decoding=\"async\" width=\"300\" height=\"300\" src=\"https:\/\/www.tax-services.ch\/wp-content\/uploads\/2024\/07\/7-1-300x300.png\" class=\"attachment-medium size-medium wp-image-32906\" alt=\"Cuasi-residente en Ginebra\" srcset=\"https:\/\/www.tax-services.ch\/wp-content\/uploads\/2024\/07\/7-1-300x300.png 300w, https:\/\/www.tax-services.ch\/wp-content\/uploads\/2024\/07\/7-1-150x150.png 150w, https:\/\/www.tax-services.ch\/wp-content\/uploads\/2024\/07\/7-1-768x768.png 768w, https:\/\/www.tax-services.ch\/wp-content\/uploads\/2024\/07\/7-1-12x12.png 12w, https:\/\/www.tax-services.ch\/wp-content\/uploads\/2024\/07\/7-1.png 810w\" sizes=\"(max-width: 300px) 100vw, 300px\" \/><\/figure><div class=\"elementor-image-box-content\"><p class=\"elementor-image-box-title\">Cuasi-residente en Ginebra<\/p><p class=\"elementor-image-box-description\">Viajeros transfronterizos y titulares de un permiso de residencia B: nuestros especialistas pueden ayudarle a optimizar su situaci\u00f3n fiscal.<\/p><\/div><\/div>\t\t\t\t<\/div>\n\t\t\t\t<\/div>\n\t\t\t\t\t<\/div>\n\t\t<\/div>\n\t\t\t\t\t<\/div>\n\t\t<\/section>\n\t\t\t\t\t<\/div>\n\t\t<\/div>\n\t\t\t\t\t<\/div>\n\t\t<\/section>\n\t\t\t\t<section class=\"elementor-section elementor-top-section elementor-element elementor-element-be7cacf elementor-section-boxed elementor-section-height-default elementor-section-height-default\" data-id=\"be7cacf\" data-element_type=\"section\" data-e-type=\"section\">\n\t\t\t\t\t\t<div class=\"elementor-container elementor-column-gap-default\">\n\t\t\t\t\t<div class=\"elementor-column elementor-col-100 elementor-top-column elementor-element elementor-element-2f5075a\" data-id=\"2f5075a\" data-element_type=\"column\" data-e-type=\"column\">\n\t\t\t<div class=\"elementor-widget-wrap elementor-element-populated\">\n\t\t\t\t\t\t<div class=\"elementor-element elementor-element-eec4b17 elementor-invisible elementor-widget elementor-widget-heading\" data-id=\"eec4b17\" data-element_type=\"widget\" data-e-type=\"widget\" data-settings=\"{&quot;_animation&quot;:&quot;fadeIn&quot;,&quot;_animation_mobile&quot;:&quot;none&quot;}\" data-widget_type=\"heading.default\">\n\t\t\t\t<div class=\"elementor-widget-container\">\n\t\t\t\t\t<span class=\"elementor-heading-title elementor-size-default\">Articles &amp; actualit\u00e9s<\/span>\t\t\t\t<\/div>\n\t\t\t\t<\/div>\n\t\t\t\t<div class=\"elementor-element elementor-element-d81996d elementor-widget elementor-widget-text-editor\" data-id=\"d81996d\" data-element_type=\"widget\" data-e-type=\"widget\" data-widget_type=\"text-editor.default\">\n\t\t\t\t<div class=\"elementor-widget-container\">\n\t\t\t\t\t\t\t\t\t<p>Chaque semaine, TaxFlow vous propose des articles en mati\u00e8re de fiscalit\u00e9.<\/p>\t\t\t\t\t\t\t\t<\/div>\n\t\t\t\t<\/div>\n\t\t\t\t<div class=\"elementor-element elementor-element-2e88b33 elementor-grid-4 elementor-grid-tablet-2 elementor-grid-mobile-1 elementor-posts--thumbnail-top elementor-posts__hover-gradient elementor-widget elementor-widget-posts\" data-id=\"2e88b33\" data-element_type=\"widget\" data-e-type=\"widget\" data-settings=\"{&quot;cards_row_gap&quot;:{&quot;unit&quot;:&quot;px&quot;,&quot;size&quot;:25,&quot;sizes&quot;:[]},&quot;cards_columns&quot;:&quot;4&quot;,&quot;cards_columns_tablet&quot;:&quot;2&quot;,&quot;cards_columns_mobile&quot;:&quot;1&quot;,&quot;cards_row_gap_tablet&quot;:{&quot;unit&quot;:&quot;px&quot;,&quot;size&quot;:&quot;&quot;,&quot;sizes&quot;:[]},&quot;cards_row_gap_mobile&quot;:{&quot;unit&quot;:&quot;px&quot;,&quot;size&quot;:&quot;&quot;,&quot;sizes&quot;:[]}}\" data-widget_type=\"posts.cards\">\n\t\t\t\t<div class=\"elementor-widget-container\">\n\t\t\t\t\t\t\t<div class=\"elementor-posts-container elementor-posts elementor-posts--skin-cards elementor-grid\" role=\"list\">\n\t\t\t\t<article class=\"elementor-post elementor-grid-item post-33497 post type-post status-publish format-standard has-post-thumbnail hentry category-fiscalite tag-geneve\" role=\"listitem\">\n\t\t\t<div class=\"elementor-post__card\">\n\t\t\t\t<a class=\"elementor-post__thumbnail__link\" href=\"https:\/\/www.tax-services.ch\/es\/impuesto-de-matriculacion-en-ginebra\/\" tabindex=\"-1\" ><div class=\"elementor-post__thumbnail\"><img loading=\"lazy\" decoding=\"async\" width=\"300\" height=\"300\" src=\"https:\/\/www.tax-services.ch\/wp-content\/uploads\/2024\/09\/Impot-sur-les-plaques-a-Geneve-300x300.png\" class=\"attachment-medium size-medium wp-image-33560\" alt=\"Impuesto de matriculaci\u00f3n en Ginebra\" srcset=\"https:\/\/www.tax-services.ch\/wp-content\/uploads\/2024\/09\/Impot-sur-les-plaques-a-Geneve-300x300.png 300w, https:\/\/www.tax-services.ch\/wp-content\/uploads\/2024\/09\/Impot-sur-les-plaques-a-Geneve-1024x1024.png 1024w, https:\/\/www.tax-services.ch\/wp-content\/uploads\/2024\/09\/Impot-sur-les-plaques-a-Geneve-150x150.png 150w, https:\/\/www.tax-services.ch\/wp-content\/uploads\/2024\/09\/Impot-sur-les-plaques-a-Geneve-768x768.png 768w, https:\/\/www.tax-services.ch\/wp-content\/uploads\/2024\/09\/Impot-sur-les-plaques-a-Geneve-1536x1536.png 1536w, https:\/\/www.tax-services.ch\/wp-content\/uploads\/2024\/09\/Impot-sur-les-plaques-a-Geneve-12x12.png 12w, https:\/\/www.tax-services.ch\/wp-content\/uploads\/2024\/09\/Impot-sur-les-plaques-a-Geneve.png 2000w\" sizes=\"(max-width: 300px) 100vw, 300px\" \/><\/div><\/a>\n\t\t\t\t<div class=\"elementor-post__text\">\n\t\t\t\t<h4 class=\"elementor-post__title\">\n\t\t\t<a href=\"https:\/\/www.tax-services.ch\/es\/impuesto-de-matriculacion-en-ginebra\/\" >\n\t\t\t\tImpuesto de matriculaci\u00f3n en Ginebra\t\t\t<\/a>\n\t\t<\/h4>\n\t\t\t\t<\/div>\n\t\t\t\t\t<\/div>\n\t\t<\/article>\n\t\t\t\t<article class=\"elementor-post elementor-grid-item post-31351 post type-post status-publish format-standard has-post-thumbnail hentry category-fiscalite tag-geneve\" role=\"listitem\">\n\t\t\t<div class=\"elementor-post__card\">\n\t\t\t\t<a class=\"elementor-post__thumbnail__link\" href=\"https:\/\/www.tax-services.ch\/es\/impuesto-sobre-plusvalias-inmobiliarias-en-ginebra\/\" tabindex=\"-1\" ><div class=\"elementor-post__thumbnail\"><img loading=\"lazy\" decoding=\"async\" width=\"300\" height=\"300\" src=\"https:\/\/www.tax-services.ch\/wp-content\/uploads\/2023\/06\/For-sale-pana-300x300.png\" class=\"attachment-medium size-medium wp-image-31356\" alt=\"Lorsque vous vendez un bien immobilier dans le canton de Gen\u00e8ve, vous \u00eates soumis \u00e0 l&#039;imp\u00f4t sur les gains immobiliers.\" srcset=\"https:\/\/www.tax-services.ch\/wp-content\/uploads\/2023\/06\/For-sale-pana-300x300.png 300w, https:\/\/www.tax-services.ch\/wp-content\/uploads\/2023\/06\/For-sale-pana-1024x1024.png 1024w, https:\/\/www.tax-services.ch\/wp-content\/uploads\/2023\/06\/For-sale-pana-150x150.png 150w, https:\/\/www.tax-services.ch\/wp-content\/uploads\/2023\/06\/For-sale-pana-768x768.png 768w, https:\/\/www.tax-services.ch\/wp-content\/uploads\/2023\/06\/For-sale-pana-1536x1536.png 1536w, https:\/\/www.tax-services.ch\/wp-content\/uploads\/2023\/06\/For-sale-pana-12x12.png 12w, https:\/\/www.tax-services.ch\/wp-content\/uploads\/2023\/06\/For-sale-pana.png 2000w\" sizes=\"(max-width: 300px) 100vw, 300px\" \/><\/div><\/a>\n\t\t\t\t<div class=\"elementor-post__text\">\n\t\t\t\t<h4 class=\"elementor-post__title\">\n\t\t\t<a href=\"https:\/\/www.tax-services.ch\/es\/impuesto-sobre-plusvalias-inmobiliarias-en-ginebra\/\" >\n\t\t\t\tImpuesto sobre plusval\u00edas en Ginebra\t\t\t<\/a>\n\t\t<\/h4>\n\t\t\t\t<\/div>\n\t\t\t\t\t<\/div>\n\t\t<\/article>\n\t\t\t\t<article class=\"elementor-post elementor-grid-item post-31442 post type-post status-publish format-standard has-post-thumbnail hentry category-fiscalite tag-geneve\" role=\"listitem\">\n\t\t\t<div class=\"elementor-post__card\">\n\t\t\t\t<a class=\"elementor-post__thumbnail__link\" href=\"https:\/\/www.tax-services.ch\/es\/escudo-fiscal-ginebra\/\" tabindex=\"-1\" ><div class=\"elementor-post__thumbnail\"><img loading=\"lazy\" decoding=\"async\" width=\"300\" height=\"300\" src=\"https:\/\/www.tax-services.ch\/wp-content\/uploads\/2023\/07\/Bouclier-fiscal-geneve-300x300.png\" class=\"attachment-medium size-medium wp-image-31453\" alt=\"Bouclier fiscal geneve\" srcset=\"https:\/\/www.tax-services.ch\/wp-content\/uploads\/2023\/07\/Bouclier-fiscal-geneve-300x300.png 300w, https:\/\/www.tax-services.ch\/wp-content\/uploads\/2023\/07\/Bouclier-fiscal-geneve-1024x1024.png 1024w, https:\/\/www.tax-services.ch\/wp-content\/uploads\/2023\/07\/Bouclier-fiscal-geneve-150x150.png 150w, https:\/\/www.tax-services.ch\/wp-content\/uploads\/2023\/07\/Bouclier-fiscal-geneve-768x768.png 768w, https:\/\/www.tax-services.ch\/wp-content\/uploads\/2023\/07\/Bouclier-fiscal-geneve-1536x1536.png 1536w, https:\/\/www.tax-services.ch\/wp-content\/uploads\/2023\/07\/Bouclier-fiscal-geneve-12x12.png 12w, https:\/\/www.tax-services.ch\/wp-content\/uploads\/2023\/07\/Bouclier-fiscal-geneve.png 2000w\" sizes=\"(max-width: 300px) 100vw, 300px\" \/><\/div><\/a>\n\t\t\t\t<div class=\"elementor-post__text\">\n\t\t\t\t<h4 class=\"elementor-post__title\">\n\t\t\t<a href=\"https:\/\/www.tax-services.ch\/es\/escudo-fiscal-ginebra\/\" >\n\t\t\t\tEscudo fiscal Ginebra: \u00bfc\u00f3mo funciona?\t\t\t<\/a>\n\t\t<\/h4>\n\t\t\t\t<\/div>\n\t\t\t\t\t<\/div>\n\t\t<\/article>\n\t\t\t\t<article class=\"elementor-post elementor-grid-item post-33824 post type-post status-publish format-standard has-post-thumbnail hentry category-deductions tag-vaud\" role=\"listitem\">\n\t\t\t<div class=\"elementor-post__card\">\n\t\t\t\t<a class=\"elementor-post__thumbnail__link\" href=\"https:\/\/www.tax-services.ch\/es\/deductions-fiscales-dans-le-canton-de-vaud\/\" tabindex=\"-1\" ><div class=\"elementor-post__thumbnail\"><img loading=\"lazy\" decoding=\"async\" width=\"300\" height=\"300\" src=\"https:\/\/www.tax-services.ch\/wp-content\/uploads\/2024\/10\/Deduction-fiscales-Vaud-300x300.png\" class=\"attachment-medium size-medium wp-image-33826\" alt=\"D\u00e9duction fiscales Vaud\" srcset=\"https:\/\/www.tax-services.ch\/wp-content\/uploads\/2024\/10\/Deduction-fiscales-Vaud-300x300.png 300w, https:\/\/www.tax-services.ch\/wp-content\/uploads\/2024\/10\/Deduction-fiscales-Vaud-1024x1024.png 1024w, https:\/\/www.tax-services.ch\/wp-content\/uploads\/2024\/10\/Deduction-fiscales-Vaud-150x150.png 150w, https:\/\/www.tax-services.ch\/wp-content\/uploads\/2024\/10\/Deduction-fiscales-Vaud-768x768.png 768w, https:\/\/www.tax-services.ch\/wp-content\/uploads\/2024\/10\/Deduction-fiscales-Vaud-1536x1536.png 1536w, https:\/\/www.tax-services.ch\/wp-content\/uploads\/2024\/10\/Deduction-fiscales-Vaud-12x12.png 12w, https:\/\/www.tax-services.ch\/wp-content\/uploads\/2024\/10\/Deduction-fiscales-Vaud.png 2000w\" sizes=\"(max-width: 300px) 100vw, 300px\" \/><\/div><\/a>\n\t\t\t\t<div class=\"elementor-post__text\">\n\t\t\t\t<h4 class=\"elementor-post__title\">\n\t\t\t<a href=\"https:\/\/www.tax-services.ch\/es\/deductions-fiscales-dans-le-canton-de-vaud\/\" >\n\t\t\t\tDesgravaciones fiscales en el cant\u00f3n de Vaud\t\t\t<\/a>\n\t\t<\/h4>\n\t\t\t\t<\/div>\n\t\t\t\t\t<\/div>\n\t\t<\/article>\n\t\t\t\t<\/div>\n\t\t\n\t\t\t\t\t\t<\/div>\n\t\t\t\t<\/div>\n\t\t\t\t\t<\/div>\n\t\t<\/div>\n\t\t\t\t\t<\/div>\n\t\t<\/section>\n\t\t\t\t<\/div>","protected":false},"excerpt":{"rendered":"<p>Accueil Fiscaliste \u00e0 Gen\u00e8ve Besoin de l&rsquo;aide d&rsquo;un fiscaliste afin d&rsquo;am\u00e9liorer et d&rsquo;optimiser votre situation fiscale en Suisse ? Faites appel \u00e0 TaxFlow et recevez<\/p>","protected":false},"author":1,"featured_media":29294,"parent":0,"menu_order":0,"comment_status":"closed","ping_status":"closed","template":"","meta":{"_et_pb_use_builder":"","_et_pb_old_content":"","_et_gb_content_width":"","content-type":"","footnotes":""},"class_list":["post-29290","page","type-page","status-publish","has-post-thumbnail","hentry"],"_links":{"self":[{"href":"https:\/\/www.tax-services.ch\/es\/wp-json\/wp\/v2\/pages\/29290","targetHints":{"allow":["GET"]}}],"collection":[{"href":"https:\/\/www.tax-services.ch\/es\/wp-json\/wp\/v2\/pages"}],"about":[{"href":"https:\/\/www.tax-services.ch\/es\/wp-json\/wp\/v2\/types\/page"}],"author":[{"embeddable":true,"href":"https:\/\/www.tax-services.ch\/es\/wp-json\/wp\/v2\/users\/1"}],"replies":[{"embeddable":true,"href":"https:\/\/www.tax-services.ch\/es\/wp-json\/wp\/v2\/comments?post=29290"}],"version-history":[{"count":69,"href":"https:\/\/www.tax-services.ch\/es\/wp-json\/wp\/v2\/pages\/29290\/revisions"}],"predecessor-version":[{"id":34879,"href":"https:\/\/www.tax-services.ch\/es\/wp-json\/wp\/v2\/pages\/29290\/revisions\/34879"}],"wp:featuredmedia":[{"embeddable":true,"href":"https:\/\/www.tax-services.ch\/es\/wp-json\/wp\/v2\/media\/29294"}],"wp:attachment":[{"href":"https:\/\/www.tax-services.ch\/es\/wp-json\/wp\/v2\/media?parent=29290"}],"curies":[{"name":"wp","href":"https:\/\/api.w.org\/{rel}","templated":true}]}}